{"id":370,"date":"2024-06-04T10:48:49","date_gmt":"2024-06-04T10:48:49","guid":{"rendered":"https:\/\/dieweinwiesn.at\/?page_id=370"},"modified":"2026-04-28T16:04:51","modified_gmt":"2026-04-28T16:04:51","slug":"unsere-winzer","status":"publish","type":"page","link":"https:\/\/dieweinwiesn.at\/index.php\/unsere-winzer\/","title":{"rendered":"Unsere Winzer"},"content":{"rendered":"<p>[et_pb_section fb_built=&#8220;1&#8243; admin_label=&#8220;Header&#8220; _builder_version=&#8220;4.25.1&#8243; use_background_color_gradient=&#8220;on&#8220; background_color_gradient_type=&#8220;circular&#8220; background_color_gradient_direction_radial=&#8220;top left&#8220; background_color_gradient_stops=&#8220;rgba(255,255,255,0.89) 30%|rgba(255,255,255,0) 80%&#8220; background_color_gradient_overlays_image=&#8220;on&#8220; background_color_gradient_start=&#8220;rgba(255,255,255,0.89)&#8220; background_color_gradient_start_position=&#8220;30%&#8220; background_color_gradient_end=&#8220;rgba(255,255,255,0)&#8220; background_color_gradient_end_position=&#8220;80%&#8220; background_image=&#8220;https:\/\/dieweinwiesn.at\/wp-content\/uploads\/2024\/06\/WeinWiesn_Winzer.png&#8220; custom_padding=&#8220;12vw|0px|0|0px|false|false&#8220; global_colors_info=&#8220;{}&#8220;][et_pb_row _builder_version=&#8220;4.16&#8243; custom_margin=&#8220;|||&#8220; global_colors_info=&#8220;{}&#8220;][et_pb_column type=&#8220;4_4&#8243; _builder_version=&#8220;4.16&#8243; custom_padding=&#8220;|||&#8220; global_colors_info=&#8220;{}&#8220; custom_padding__hover=&#8220;|||&#8220;][et_pb_text _builder_version=&#8220;4.25.1&#8243; text_font=&#8220;||||||||&#8220; header_font=&#8220;Raleway|700|||||||&#8220; header_font_size=&#8220;80px&#8220; header_line_height=&#8220;1.2em&#8220; header_5_font=&#8220;Raleway|700||on|||||&#8220; header_5_text_color=&#8220;#000000&#8243; header_5_font_size=&#8220;20px&#8220; header_5_letter_spacing=&#8220;0.5em&#8220; header_5_line_height=&#8220;1.8em&#8220; animation_style=&#8220;zoom&#8220; animation_intensity_zoom=&#8220;5%&#8220; header_font_size_tablet=&#8220;48px&#8220; header_font_size_phone=&#8220;32px&#8220; header_font_size_last_edited=&#8220;on|phone&#8220; header_5_font_size_tablet=&#8220;14px&#8220; header_5_font_size_phone=&#8220;12px&#8220; header_5_font_size_last_edited=&#8220;on|desktop&#8220; global_colors_info=&#8220;{}&#8220;]<\/p>\n<h5>Die WeinWiesn Pr\u00e4sentiert<\/h5>\n<h1>die Winzer<\/h1>\n<p>[\/et_pb_text][\/et_pb_column][\/et_pb_row][et_pb_row column_structure=&#8220;1_4,1_4,1_4,1_4&#8243; use_custom_gutter=&#8220;on&#8220; make_equal=&#8220;on&#8220; custom_padding_last_edited=&#8220;on|desktop&#8220; _builder_version=&#8220;4.27.6&#8243; background_color=&#8220;#ffffff&#8220; width=&#8220;90%&#8220; max_width=&#8220;90%&#8220; module_alignment=&#8220;left&#8220; custom_margin=&#8220;12vw||||false&#8220; custom_padding=&#8220;0|0px|0px|15vw|false|false&#8220; custom_padding_tablet=&#8220;|||10vw&#8220; custom_padding_phone=&#8220;&#8220; animation_style=&#8220;slide&#8220; animation_direction=&#8220;left&#8220; animation_intensity_slide=&#8220;5%&#8220; hover_enabled=&#8220;0&#8243; use_custom_width=&#8220;on&#8220; width_unit=&#8220;off&#8220; custom_width_percent=&#8220;90%&#8220; locked=&#8220;off&#8220; global_colors_info=&#8220;{}&#8220; sticky_enabled=&#8220;0&#8243;][et_pb_column type=&#8220;1_4&#8243; _builder_version=&#8220;4.16&#8243; custom_padding=&#8220;74px|||&#8220; custom_padding_tablet=&#8220;40px|||&#8220; custom_padding_phone=&#8220;20px|||&#8220; custom_padding_last_edited=&#8220;off|desktop&#8220; global_colors_info=&#8220;{}&#8220; padding_phone=&#8220;20px|||&#8220; padding_tablet=&#8220;40px|||&#8220; padding_last_edited=&#8220;off|desktop&#8220; custom_padding__hover=&#8220;|||&#8220;][et_pb_blurb title=&#8220;\u00d6sterreich&#8220; use_icon=&#8220;on&#8220; font_icon=&#8220;&#xe081;||divi||400&#8243; icon_color=&#8220;#c3cfd6&#8243; icon_placement=&#8220;left&#8220; image_icon_width=&#8220;24px&#8220; _builder_version=&#8220;4.25.1&#8243; header_level=&#8220;h5&#8243; header_font=&#8220;Raleway|700|||||||&#8220; header_line_height=&#8220;1.4em&#8220; icon_font_size=&#8220;24px&#8220; global_colors_info=&#8220;{}&#8220;][\/et_pb_blurb][\/et_pb_column][et_pb_column type=&#8220;1_4&#8243; _builder_version=&#8220;4.16&#8243; custom_padding=&#8220;74px|||&#8220; custom_padding_tablet=&#8220;40px|||&#8220; custom_padding_phone=&#8220;20px|||&#8220; custom_padding_last_edited=&#8220;off|desktop&#8220; global_colors_info=&#8220;{}&#8220; padding_phone=&#8220;20px|||&#8220; padding_tablet=&#8220;40px|||&#8220; padding_last_edited=&#8220;off|desktop&#8220; custom_padding__hover=&#8220;|||&#8220;][et_pb_blurb title=&#8220;Kleine Winzer&#8220; use_icon=&#8220;on&#8220; font_icon=&#8220;&#xf72f;||fa||900&#8243; icon_color=&#8220;#c3cfd6&#8243; icon_placement=&#8220;left&#8220; image_icon_width=&#8220;24px&#8220; _builder_version=&#8220;4.25.1&#8243; header_level=&#8220;h5&#8243; header_font=&#8220;Raleway|700|||||||&#8220; header_line_height=&#8220;1.4em&#8220; icon_font_size=&#8220;24px&#8220; global_colors_info=&#8220;{}&#8220;][\/et_pb_blurb][\/et_pb_column][et_pb_column type=&#8220;1_4&#8243; _builder_version=&#8220;4.16&#8243; custom_padding=&#8220;74px|||&#8220; custom_padding_tablet=&#8220;40px|||&#8220; custom_padding_phone=&#8220;20px|||&#8220; custom_padding_last_edited=&#8220;off|desktop&#8220; global_colors_info=&#8220;{}&#8220; padding_phone=&#8220;20px|||&#8220; padding_tablet=&#8220;40px|||&#8220; padding_last_edited=&#8220;off|desktop&#8220; custom_padding__hover=&#8220;|||&#8220;][et_pb_blurb title=&#8220;Gute Tropfen&#8220; use_icon=&#8220;on&#8220; font_icon=&#8220;&#xf5ce;||fa||900&#8243; icon_color=&#8220;#c3cfd6&#8243; icon_placement=&#8220;left&#8220; image_icon_width=&#8220;24px&#8220; _builder_version=&#8220;4.25.1&#8243; header_level=&#8220;h5&#8243; header_font=&#8220;Raleway|700|||||||&#8220; header_line_height=&#8220;1.4em&#8220; icon_font_size=&#8220;24px&#8220; global_colors_info=&#8220;{}&#8220;][\/et_pb_blurb][\/et_pb_column][et_pb_column type=&#8220;1_4&#8243; _builder_version=&#8220;4.27.6&#8243; background_color=&#8220;#b2b9c4&#8243; custom_padding=&#8220;|||&#8220; custom_padding_tablet=&#8220;20px||20px||true&#8220; custom_padding_last_edited=&#8220;off|desktop&#8220; hover_enabled=&#8220;0&#8243; global_colors_info=&#8220;{}&#8220; padding_tablet=&#8220;20px||20px||true&#8220; padding_last_edited=&#8220;off|desktop&#8220; custom_padding__hover=&#8220;|||&#8220; link_option_url=&#8220;https:\/\/www.eventim-light.com\/at\/a\/63ef97ffcae5547e644102f9&#8243; sticky_enabled=&#8220;0&#8243;][et_pb_button button_url=&#8220;https:\/\/www.eventim-light.com\/at\/a\/63ef97ffcae5547e644102f9&#8243; button_text=&#8220;Tickets&#8220; button_alignment=&#8220;center&#8220; _builder_version=&#8220;4.27.6&#8243; custom_button=&#8220;on&#8220; button_text_color=&#8220;#ffffff&#8220; button_bg_color=&#8220;#b2b9c4&#8243; button_border_width=&#8220;10px&#8220; button_border_color=&#8220;rgba(0,0,0,0)&#8220; button_border_radius=&#8220;0px&#8220; button_font=&#8220;Raleway|700|||||||&#8220; custom_padding=&#8220;60px||60px||true&#8220; hover_enabled=&#8220;0&#8243; button_border_radius_hover=&#8220;0px&#8220; global_colors_info=&#8220;{}&#8220; button_text_size__hover_enabled=&#8220;off&#8220; button_one_text_size__hover_enabled=&#8220;off&#8220; button_two_text_size__hover_enabled=&#8220;off&#8220; button_text_color__hover_enabled=&#8220;off&#8220; button_one_text_color__hover_enabled=&#8220;off&#8220; button_two_text_color__hover_enabled=&#8220;off&#8220; button_border_width__hover_enabled=&#8220;off&#8220; button_one_border_width__hover_enabled=&#8220;off&#8220; button_two_border_width__hover_enabled=&#8220;off&#8220; button_border_color__hover_enabled=&#8220;off&#8220; button_one_border_color__hover_enabled=&#8220;off&#8220; button_two_border_color__hover_enabled=&#8220;off&#8220; button_border_radius__hover_enabled=&#8220;on&#8220; button_border_radius__hover=&#8220;0px&#8220; button_one_border_radius__hover_enabled=&#8220;off&#8220; button_two_border_radius__hover_enabled=&#8220;off&#8220; button_letter_spacing__hover_enabled=&#8220;off&#8220; button_one_letter_spacing__hover_enabled=&#8220;off&#8220; button_two_letter_spacing__hover_enabled=&#8220;off&#8220; button_bg_color__hover_enabled=&#8220;off&#8220; button_one_bg_color__hover_enabled=&#8220;off&#8220; button_two_bg_color__hover_enabled=&#8220;off&#8220; sticky_enabled=&#8220;0&#8243;][\/et_pb_button][\/et_pb_column][\/et_pb_row][\/et_pb_section][et_pb_section fb_built=&#8220;1&#8243; admin_label=&#8220;About Us&#8220; _builder_version=&#8220;4.16&#8243; global_colors_info=&#8220;{}&#8220;][et_pb_row custom_padding_last_edited=&#8220;off|desktop&#8220; _builder_version=&#8220;4.16&#8243; custom_padding=&#8220;27px|0px|0|0px|false|false&#8220; custom_padding_tablet=&#8220;|0px||0px||true&#8220; global_colors_info=&#8220;{}&#8220;][et_pb_column type=&#8220;4_4&#8243; _builder_version=&#8220;4.16&#8243; custom_padding=&#8220;|||&#8220; global_colors_info=&#8220;{}&#8220; custom_padding__hover=&#8220;|||&#8220;][et_pb_text _builder_version=&#8220;4.25.1&#8243; text_font=&#8220;||||||||&#8220; text_line_height=&#8220;2em&#8220; header_font=&#8220;||||||||&#8220; header_2_font=&#8220;Raleway|700|||||||&#8220; header_2_font_size=&#8220;50px&#8220; header_2_line_height=&#8220;1.4em&#8220; header_6_font=&#8220;Raleway|700||on|||||&#8220; header_6_font_size=&#8220;16px&#8220; header_6_letter_spacing=&#8220;5px&#8220; header_6_line_height=&#8220;1.8em&#8220; max_width=&#8220;700px&#8220; module_alignment=&#8220;center&#8220; header_2_font_size_tablet=&#8220;35px&#8220; header_2_font_size_phone=&#8220;25px&#8220; header_2_font_size_last_edited=&#8220;on|phone&#8220; global_colors_info=&#8220;{}&#8220;]<\/p>\n<h6>Winzer<\/h6>\n<h2><span>Bis zu 250 erlesene Weine von bis zu 25 Winzern aus ganz \u00d6sterreich<\/span><\/h2>\n<p>[\/et_pb_text][\/et_pb_column][\/et_pb_row][et_pb_row column_structure=&#8220;1_5,1_5,1_5,1_5,1_5&#8243; use_custom_gutter=&#8220;on&#8220; gutter_width=&#8220;2&#8243; disabled_on=&#8220;off|off|off&#8220; _builder_version=&#8220;4.27.4&#8243; global_colors_info=&#8220;{}&#8220;][et_pb_column type=&#8220;1_5&#8243; _builder_version=&#8220;4.27.6&#8243; _module_preset=&#8220;default&#8220; global_colors_info=&#8220;{}&#8220;][et_pb_image src=&#8220;https:\/\/dieweinwiesn.at\/wp-content\/uploads\/2025\/04\/ktn.png&#8220; title_text=&#8220;ktn&#8220; url=&#8220;#&#8220; use_overlay=&#8220;on&#8220; overlay_icon_color=&#8220;#b2b9c4&#8243; align_tablet=&#8220;center&#8220; align_phone=&#8220;center&#8220; align_last_edited=&#8220;on|desktop&#8220; _builder_version=&#8220;4.27.4&#8243; locked=&#8220;off&#8220; global_colors_info=&#8220;{}&#8220;][\/et_pb_image][\/et_pb_column][et_pb_column type=&#8220;1_5&#8243; _builder_version=&#8220;4.16&#8243; custom_padding=&#8220;|||&#8220; global_colors_info=&#8220;{}&#8220; custom_padding__hover=&#8220;|||&#8220;][et_pb_image src=&#8220;https:\/\/dieweinwiesn.at\/wp-content\/uploads\/2025\/04\/fidas.png&#8220; title_text=&#8220;fidas&#8220; url=&#8220;#&#8220; use_overlay=&#8220;on&#8220; overlay_icon_color=&#8220;#b2b9c4&#8243; align_tablet=&#8220;center&#8220; align_phone=&#8220;center&#8220; align_last_edited=&#8220;on|desktop&#8220; _builder_version=&#8220;4.27.4&#8243; locked=&#8220;off&#8220; global_colors_info=&#8220;{}&#8220;][\/et_pb_image][\/et_pb_column][et_pb_column type=&#8220;1_5&#8243; _builder_version=&#8220;4.16&#8243; custom_padding=&#8220;|||&#8220; global_colors_info=&#8220;{}&#8220; custom_padding__hover=&#8220;|||&#8220;][et_pb_image src=&#8220;https:\/\/dieweinwiesn.at\/wp-content\/uploads\/2026\/04\/Aichlseder_bb_wirbewegenMenschen_Logo_black-scaled.png&#8220; title_text=&#8220;Aichlseder_bb_wirbewegenMenschen_Logo_black&#8220; _builder_version=&#8220;4.27.6&#8243; _module_preset=&#8220;default&#8220; global_colors_info=&#8220;{}&#8220;][\/et_pb_image][\/et_pb_column][et_pb_column type=&#8220;1_5&#8243; _builder_version=&#8220;4.16&#8243; custom_padding=&#8220;|||&#8220; global_colors_info=&#8220;{}&#8220; custom_padding__hover=&#8220;|||&#8220;][et_pb_image src=&#8220;https:\/\/dieweinwiesn.at\/wp-content\/uploads\/2026\/04\/Red-BYD-logo.png&#8220; title_text=&#8220;Red BYD logo&#8220; _builder_version=&#8220;4.27.6&#8243; _module_preset=&#8220;default&#8220; global_colors_info=&#8220;{}&#8220;][\/et_pb_image][\/et_pb_column][et_pb_column type=&#8220;1_5&#8243; _builder_version=&#8220;4.16&#8243; custom_padding=&#8220;|||&#8220; global_colors_info=&#8220;{}&#8220; custom_padding__hover=&#8220;|||&#8220;][et_pb_image src=&#8220;https:\/\/dieweinwiesn.at\/wp-content\/uploads\/2025\/04\/wicknorm-ktn-logokeyvisual.png&#8220; title_text=&#8220;wicknorm-ktn-logo+keyvisual&#8220; url=&#8220;#&#8220; use_overlay=&#8220;on&#8220; overlay_icon_color=&#8220;#b2b9c4&#8243; align_tablet=&#8220;center&#8220; align_phone=&#8220;center&#8220; align_last_edited=&#8220;on|desktop&#8220; _builder_version=&#8220;4.27.4&#8243; locked=&#8220;off&#8220; global_colors_info=&#8220;{}&#8220;][\/et_pb_image][\/et_pb_column][\/et_pb_row][\/et_pb_section][et_pb_section fb_built=&#8220;1&#8243; custom_padding_last_edited=&#8220;off|desktop&#8220; admin_label=&#8220;Menu&#8220; _builder_version=&#8220;4.25.1&#8243; use_background_color_gradient=&#8220;on&#8220; background_color_gradient_type=&#8220;circular&#8220; background_color_gradient_direction_radial=&#8220;top right&#8220; background_color_gradient_stops=&#8220;rgba(255,255,255,0) 0%|#ffffff 60%&#8220; background_color_gradient_overlays_image=&#8220;on&#8220; background_color_gradient_start=&#8220;rgba(255,255,255,0)&#8220; background_color_gradient_end=&#8220;#ffffff&#8220; background_color_gradient_end_position=&#8220;60%&#8220; background_image=&#8220;https:\/\/dieweinwiesn.at\/wp-content\/uploads\/2024\/06\/Winzer.png&#8220; custom_padding=&#8220;54px|0px|54px|0px|false|false&#8220; custom_padding_tablet=&#8220;50px|||&#8220; box_shadow_style=&#8220;preset6&#8243; box_shadow_horizontal=&#8220;80px&#8220; box_shadow_vertical=&#8220;-80px&#8220; box_shadow_blur=&#8220;80px&#8220; box_shadow_spread=&#8220;-40px&#8220; box_shadow_color=&#8220;#ffffff&#8220; global_colors_info=&#8220;{}&#8220;][et_pb_row _builder_version=&#8220;4.16&#8243; locked=&#8220;off&#8220; global_colors_info=&#8220;{}&#8220;][et_pb_column type=&#8220;4_4&#8243; _builder_version=&#8220;4.16&#8243; custom_padding=&#8220;|||&#8220; global_colors_info=&#8220;{}&#8220; custom_padding__hover=&#8220;|||&#8220;][\/et_pb_column][\/et_pb_row][\/et_pb_section][et_pb_section fb_built=&#8220;1&#8243; admin_label=&#8220;Amenities&#8220; _builder_version=&#8220;4.16&#8243; background_color=&#8220;#ffffff&#8220; max_width=&#8220;90%&#8220; max_width_tablet=&#8220;&#8220; max_width_phone=&#8220;100%&#8220; max_width_last_edited=&#8220;on|phone&#8220; custom_margin=&#8220;-160px|||&#8220; border_color_all=&#8220;#ffffff&#8220; border_width_left=&#8220;10vw&#8220; global_colors_info=&#8220;{}&#8220;][et_pb_row _builder_version=&#8220;4.16&#8243; locked=&#8220;off&#8220; global_colors_info=&#8220;{}&#8220;][et_pb_column type=&#8220;4_4&#8243; _builder_version=&#8220;4.16&#8243; custom_padding=&#8220;|||&#8220; global_colors_info=&#8220;{}&#8220; custom_padding__hover=&#8220;|||&#8220;][et_pb_text _builder_version=&#8220;4.25.1&#8243; text_font=&#8220;||||||||&#8220; text_line_height=&#8220;2em&#8220; header_font=&#8220;||||||||&#8220; header_2_font=&#8220;Raleway|700|||||||&#8220; header_2_font_size=&#8220;50px&#8220; header_2_line_height=&#8220;1.2em&#8220; header_6_font=&#8220;Raleway|700||on|||||&#8220; header_6_font_size=&#8220;16px&#8220; header_6_letter_spacing=&#8220;5px&#8220; header_6_line_height=&#8220;1.8em&#8220; max_width=&#8220;512px&#8220; max_width_last_edited=&#8220;off|desktop&#8220; header_2_font_size_tablet=&#8220;35px&#8220; header_2_font_size_phone=&#8220;25px&#8220; header_2_font_size_last_edited=&#8220;on|phone&#8220; global_colors_info=&#8220;{}&#8220;]<\/p>\n<h6>Die<\/h6>\n<h2>Winzer<\/h2>\n<p>[\/et_pb_text][\/et_pb_column][\/et_pb_row][et_pb_row column_structure=&#8220;1_3,1_3,1_3&#8243; _builder_version=&#8220;4.16&#8243; global_colors_info=&#8220;{}&#8220;][et_pb_column type=&#8220;1_3&#8243; _builder_version=&#8220;4.16&#8243; custom_padding=&#8220;|||&#8220; global_colors_info=&#8220;{}&#8220; custom_padding__hover=&#8220;|||&#8220;][et_pb_blurb title=&#8220;Weingut Schneeweis&#8220; _builder_version=&#8220;4.25.1&#8243; header_level=&#8220;h5&#8243; header_font=&#8220;Raleway|700|||||||&#8220; header_font_size=&#8220;20px&#8220; header_line_height=&#8220;1.2em&#8220; body_font=&#8220;||||||||&#8220; body_font_size=&#8220;14px&#8220; body_line_height=&#8220;2em&#8220; global_colors_info=&#8220;{}&#8220;]<\/p>\n<p class=\"font_7\">Weine mit Identit\u00e4t und Format haben in unserem Familienbetrieb Tradition.<\/p>\n<p class=\"font_7\">Wir haben uns auf die Produktion von Weinen spezialisiert, die durch ihre ganz pers\u00f6nliche Note \u00fcberzeugen.<\/p>\n<p>[\/et_pb_blurb][\/et_pb_column][et_pb_column type=&#8220;1_3&#8243; _builder_version=&#8220;4.16&#8243; custom_padding=&#8220;|||&#8220; global_colors_info=&#8220;{}&#8220; custom_padding__hover=&#8220;|||&#8220;][et_pb_blurb title=&#8220;Weingut Ipsmiller&#8220; _builder_version=&#8220;4.27.4&#8243; header_level=&#8220;h5&#8243; header_font=&#8220;Raleway|700|||||||&#8220; header_font_size=&#8220;20px&#8220; header_line_height=&#8220;1.2em&#8220; body_font=&#8220;||||||||&#8220; body_font_size=&#8220;14px&#8220; body_line_height=&#8220;2em&#8220; locked=&#8220;off&#8220; global_colors_info=&#8220;{}&#8220;]<\/p>\n<p><span>Das Weingut IPSMILLER ist bereits in der 8. Generation mit der Vinifizierung von Rot und Weissweinen erfolgreich. Von Generation zu Generation wurde das Wissen und das Handwerk aus gesunden, reifen Beeren, vollmundige und harmonische Weine zu keltern weitergegeben. Noch heute entstehen unsere Weine nach diesem Qualit\u00e4tsrezept mit unserer Handschrift.<\/span><\/p>\n<p>[\/et_pb_blurb][\/et_pb_column][et_pb_column type=&#8220;1_3&#8243; _builder_version=&#8220;4.16&#8243; custom_padding=&#8220;|||&#8220; global_colors_info=&#8220;{}&#8220; custom_padding__hover=&#8220;|||&#8220;][et_pb_blurb title=&#8220;Winzerfamilie Schup&#8220; _builder_version=&#8220;4.25.1&#8243; header_level=&#8220;h5&#8243; header_font=&#8220;Raleway|700|||||||&#8220; header_font_size=&#8220;20px&#8220; header_line_height=&#8220;1.2em&#8220; body_font=&#8220;||||||||&#8220; body_font_size=&#8220;14px&#8220; body_line_height=&#8220;2em&#8220; global_colors_info=&#8220;{}&#8220;]<\/p>\n<p>Unsere Familie ist seit mehr als 300 Jahren hier beheimatet und bereits in der sechsten Generation als Winzer mit Leib und Seele t\u00e4tig.<\/p>\n<p>[\/et_pb_blurb][\/et_pb_column][\/et_pb_row][et_pb_row column_structure=&#8220;1_3,1_3,1_3&#8243; _builder_version=&#8220;4.16&#8243; global_colors_info=&#8220;{}&#8220;][et_pb_column type=&#8220;1_3&#8243; _builder_version=&#8220;4.16&#8243; custom_padding=&#8220;|||&#8220; global_colors_info=&#8220;{}&#8220; custom_padding__hover=&#8220;|||&#8220;][et_pb_blurb title=&#8220;Weingut Christen&#8220; _builder_version=&#8220;4.25.1&#8243; header_level=&#8220;h5&#8243; header_font=&#8220;Raleway|700|||||||&#8220; header_font_size=&#8220;20px&#8220; header_line_height=&#8220;1.4em&#8220; body_font=&#8220;||||||||&#8220; body_font_size=&#8220;14px&#8220; body_line_height=&#8220;2em&#8220; global_colors_info=&#8220;{}&#8220;]<\/p>\n<p>Sortenm\u00e4\u00dfig ist der Winzer bestens aufgestellt. Auf seinen rund 30 Hektar Weing\u00e4rten dominiert \u2013 typisch Weinviertel \u2013 der <b>Gr\u00fcne Veltliner<\/b>, die weiteren Sorten lassen aber kaum W\u00fcnsche offen: <b>Welschriesling, Blauer Portugieser, Zweigelt, Muskateller, Sauvignon Blanc, Riesling, Wei\u00dfburgunder<\/b> \u2013 alles da. <\/p>\n<p>[\/et_pb_blurb][\/et_pb_column][et_pb_column type=&#8220;1_3&#8243; _builder_version=&#8220;4.16&#8243; custom_padding=&#8220;|||&#8220; global_colors_info=&#8220;{}&#8220; custom_padding__hover=&#8220;|||&#8220;][et_pb_blurb title=&#8220;Winzerhof Eichler&#8220; _builder_version=&#8220;4.25.1&#8243; header_level=&#8220;h5&#8243; header_font=&#8220;Raleway|700|||||||&#8220; header_font_size=&#8220;20px&#8220; header_line_height=&#8220;1.2em&#8220; body_font=&#8220;||||||||&#8220; body_font_size=&#8220;14px&#8220; body_line_height=&#8220;2em&#8220; global_colors_info=&#8220;{}&#8220;]<\/p>\n<p><span>Gepr\u00e4gt durch die Landschaft, Boden und dem pannonischen Klima entfalten sich unsere herrlichen Weine. Darin besteht unsere Philosophie und unser Auftrag, die h\u00f6chstm\u00f6gliche Qualit\u00e4t der Natur zu entlocken und diese auch \u201ekostbar\u201c in die Flasche zu bringen. Die Stilistik unserer Weine ist haupts\u00e4chlich frisch, fruchtig trocken. Die Lagenweine zeichnen sich durch angenehme Dichte und Harmonie aus. Die Weine weisen typische bodenst\u00e4ndige Charaktere auf, die beim Trinken viel Freude bereiten.<\/span><\/p>\n<p>[\/et_pb_blurb][\/et_pb_column][et_pb_column type=&#8220;1_3&#8243; _builder_version=&#8220;4.16&#8243; custom_padding=&#8220;|||&#8220; global_colors_info=&#8220;{}&#8220; custom_padding__hover=&#8220;|||&#8220;][et_pb_blurb title=&#8220;Weingut Migsich&#8220; _builder_version=&#8220;4.25.1&#8243; header_level=&#8220;h5&#8243; header_font=&#8220;Raleway|700|||||||&#8220; header_font_size=&#8220;20px&#8220; header_line_height=&#8220;1.4em&#8220; body_font=&#8220;||||||||&#8220; body_font_size=&#8220;14px&#8220; body_line_height=&#8220;2em&#8220; global_colors_info=&#8220;{}&#8220;]<\/p>\n<p><span>Unser Weingut bietet \u00fcberlegene Weine, wie es der Kenner erwartet. Perfektion in allen unseren Gesch\u00e4ftsbereichen und die Versicherung, dass die Kunden Wert und Qualit\u00e4t erhalten, sind die wichtigsten Zutaten f\u00fcr unseren Erfolg. Das sind die Prinzipien, mit welchen unsere Vorfahren das Weingut gegr\u00fcndet haben.<\/span><\/p>\n<p>[\/et_pb_blurb][\/et_pb_column][\/et_pb_row][et_pb_row column_structure=&#8220;1_3,1_3,1_3&#8243; _builder_version=&#8220;4.16&#8243; global_colors_info=&#8220;{}&#8220;][et_pb_column type=&#8220;1_3&#8243; _builder_version=&#8220;4.16&#8243; custom_padding=&#8220;|||&#8220; global_colors_info=&#8220;{}&#8220; custom_padding__hover=&#8220;|||&#8220;][et_pb_blurb title=&#8220;Weingut Muenzenrieder&#8220; _builder_version=&#8220;4.27.6&#8243; header_level=&#8220;h5&#8243; header_font=&#8220;Raleway|700|||||||&#8220; header_font_size=&#8220;20px&#8220; header_line_height=&#8220;1.2em&#8220; body_font=&#8220;||||||||&#8220; body_font_size=&#8220;14px&#8220; body_line_height=&#8220;2em&#8220; global_colors_info=&#8220;{}&#8220;]<\/p>\n<ul data-start=\"27\" data-end=\"412\">\n<li data-section-id=\"p2em2l\" data-start=\"27\" data-end=\"103\"><strong data-start=\"29\" data-end=\"37\">1932<\/strong>: Urgro\u00dfvater Johann M\u00fcnzenrieder pflanzt den ersten Weingarten.<\/li>\n<li data-section-id=\"op1noo\" data-start=\"104\" data-end=\"183\"><strong data-start=\"106\" data-end=\"114\">1951<\/strong>: Gro\u00dfvater Andreas baut die ersten Geb\u00e4ude; Eltern werden geboren.<\/li>\n<li data-section-id=\"7s4704\" data-start=\"184\" data-end=\"238\"><strong data-start=\"186\" data-end=\"194\">1977<\/strong>: Eltern \u00fcbernehmen die ersten Weing\u00e4rten.<\/li>\n<li data-section-id=\"bvoyoh\" data-start=\"239\" data-end=\"305\"><strong data-start=\"241\" data-end=\"249\">1991<\/strong>: Vater beginnt mit der Flaschenvermarktung der Weine.<\/li>\n<li data-section-id=\"1e4qctv\" data-start=\"306\" data-end=\"412\"><strong data-start=\"308\" data-end=\"316\">2005<\/strong>: \u00dcbernahme des Betriebs durch die n\u00e4chste Generation und Gr\u00fcndung der M\u00fcnzenrieder Wein GmbH.<\/li>\n<\/ul>\n<p data-start=\"414\" data-end=\"517\" data-is-last-node=\"\" data-is-only-node=\"\">Kurz gesagt: Vom kleinen Familienweingarten zur modernen Weinfirma \u00fcber mehrere Generationen hinweg.\u00a0<\/p>\n<p>[\/et_pb_blurb][\/et_pb_column][et_pb_column type=&#8220;1_3&#8243; _builder_version=&#8220;4.16&#8243; custom_padding=&#8220;|||&#8220; global_colors_info=&#8220;{}&#8220; custom_padding__hover=&#8220;|||&#8220;][et_pb_blurb title=&#8220;Weingut Dujmo Vino&#8220; _builder_version=&#8220;4.25.1&#8243; header_level=&#8220;h5&#8243; header_font=&#8220;Raleway|700|||||||&#8220; header_font_size=&#8220;20px&#8220; header_line_height=&#8220;1.2em&#8220; body_font=&#8220;||||||||&#8220; body_font_size=&#8220;14px&#8220; body_line_height=&#8220;2em&#8220; global_colors_info=&#8220;{}&#8220;]<\/p>\n<p><span>Ich habe das Weingut DUJMO.VINO 2015 neu gegr\u00fcndet und damit unternehmerisches Neuland betreten. Daf\u00fcr ben\u00f6tigte es einiges an Mut, denn zu Beginn besa\u00df ich keinen einzigen Rebstock, keinen Traktor, keine Kellereimaschinen und keinen Kundenstock!<\/span><\/p>\n<p><span>All das und vieles mehr musste ich mir selbst erarbeiten. Inzwischen ist daraus ein Weingut entstanden, das sogar in die USA exportiert.<\/span><\/p>\n<p>[\/et_pb_blurb][\/et_pb_column][et_pb_column type=&#8220;1_3&#8243; _builder_version=&#8220;4.16&#8243; custom_padding=&#8220;|||&#8220; global_colors_info=&#8220;{}&#8220; custom_padding__hover=&#8220;|||&#8220;][et_pb_blurb title=&#8220;Weingut Tripel Gut&#8220; _builder_version=&#8220;4.25.1&#8243; header_level=&#8220;h5&#8243; header_font=&#8220;Raleway|700|||||||&#8220; header_font_size=&#8220;20px&#8220; header_line_height=&#8220;1.2em&#8220; body_font=&#8220;||||||||&#8220; body_font_size=&#8220;14px&#8220; body_line_height=&#8220;2em&#8220; locked=&#8220;off&#8220; global_colors_info=&#8220;{}&#8220;]<\/p>\n<p><span>Unser TrippelGUT ist mit 10,4 ha das zweitgr\u00f6\u00dfte Weingut K\u00e4rntens und bietet gr\u00f6\u00dfte RebsortenVielfalt. Das TrippelGUT baut drei unterschiedliche Weinlinien aus: Alpenwein, Privat und AndaS. Von beliebten Klassikern bis hin zu Lagenweinen ist auch f\u00fcr Sie das Passende dabei. Dank der phantastischen Lage des TrippelGUTs elebt jeder Weinliebhaber ein wahres Wohlf\u00fchlparadies inmitten der Weinberge mit dem Besten aus der K\u00fcche und dem Weinkeller. <\/span><\/p>\n<p>[\/et_pb_blurb][\/et_pb_column][\/et_pb_row][et_pb_row column_structure=&#8220;1_3,1_3,1_3&#8243; _builder_version=&#8220;4.16&#8243; global_colors_info=&#8220;{}&#8220;][et_pb_column type=&#8220;1_3&#8243; _builder_version=&#8220;4.16&#8243; custom_padding=&#8220;|||&#8220; global_colors_info=&#8220;{}&#8220; custom_padding__hover=&#8220;|||&#8220;][et_pb_blurb title=&#8220;Weingut Kittenberger&#8220; _builder_version=&#8220;4.27.6&#8243; header_level=&#8220;h5&#8243; header_font=&#8220;Raleway|700|||||||&#8220; header_font_size=&#8220;20px&#8220; header_line_height=&#8220;1.2em&#8220; body_font=&#8220;||||||||&#8220; body_font_size=&#8220;14px&#8220; body_line_height=&#8220;2em&#8220; global_colors_info=&#8220;{}&#8220;]<\/p>\n<p><span>Wir f\u00fchren das Weingut Kittenberger als Familienbetrieb. Seit \u00fcber 150 Jahren wird hier Anbau betrieben, von Generation zu Generation weitergegeben und stetig weiterentwickelt. Wir sehen es als unsere Aufgabe, diese Verantwortung weiterzutragen und Entscheidungen zu treffen, die auch in Zukunft Bestand haben.<\/span><\/p>\n<p>[\/et_pb_blurb][\/et_pb_column][et_pb_column type=&#8220;1_3&#8243; _builder_version=&#8220;4.16&#8243; custom_padding=&#8220;|||&#8220; global_colors_info=&#8220;{}&#8220; custom_padding__hover=&#8220;|||&#8220;][et_pb_blurb title=&#8220;Weingut Lager&#8220; _builder_version=&#8220;4.27.6&#8243; header_level=&#8220;h5&#8243; header_font=&#8220;Raleway|700|||||||&#8220; header_font_size=&#8220;20px&#8220; header_line_height=&#8220;1.2em&#8220; body_font=&#8220;||||||||&#8220; body_font_size=&#8220;14px&#8220; body_line_height=&#8220;2em&#8220; global_colors_info=&#8220;{}&#8220;]<\/p>\n<p><span>Eingebettet in die Weinregion Carnuntum im Arbesthaler H\u00fcgelland liegt unser Weinbaubetrieb. In 3. Generation betreibe ich das Weinhauerhandwerk in G\u00f6ttlesbrunn. Der Weinbau hat sich \u00fcber die Jahre vom landwirtschaftlichen Gemischtbetrieb zum Haupterwerb entwickelt. In den Weing\u00e4rten ist mir ein ausgewogener, der Natur gerechter Umgang ein grosses Anliegen. Aus diesem Grund habe ich mich entschlossen, den Betrieb auf biologische Bewirtschaftung umzustellen. Dieser Gedanke spiegelt sich auch in meinen Weinen wider. Neugierig geworden? Wir freuen uns auf Ihren Besuch.<\/span><\/p>\n<p>[\/et_pb_blurb][\/et_pb_column][et_pb_column type=&#8220;1_3&#8243; _builder_version=&#8220;4.16&#8243; custom_padding=&#8220;|||&#8220; global_colors_info=&#8220;{}&#8220; custom_padding__hover=&#8220;|||&#8220;][et_pb_blurb title=&#8220;Weingut Rittsteuer&#8220; _builder_version=&#8220;4.27.6&#8243; header_level=&#8220;h5&#8243; header_font=&#8220;Raleway|700|||||||&#8220; header_font_size=&#8220;20px&#8220; header_line_height=&#8220;1.2em&#8220; body_font=&#8220;||||||||&#8220; body_font_size=&#8220;14px&#8220; body_line_height=&#8220;2em&#8220; global_colors_info=&#8220;{}&#8220;]<\/p>\n<p><span>\u201eWenn man sieht, welche m\u00fchevollen Anstrengungen der Weinstock vom Moment des Austriebes an unternimmt, wo sich die jungen Triebe wie kleine Babys, gesch\u00fctzt in ihrer Wolle, nach der Sonne strecken, wenn man den Duft der Weinbl\u00fcte schmeckt und riecht, das ist einer der sch\u00f6nsten Momente \u2013 einfach unbeschreiblich!\u201c<\/span><\/p>\n<p>[\/et_pb_blurb][\/et_pb_column][\/et_pb_row][et_pb_row column_structure=&#8220;1_3,1_3,1_3&#8243; _builder_version=&#8220;4.16&#8243; global_colors_info=&#8220;{}&#8220;][et_pb_column type=&#8220;1_3&#8243; _builder_version=&#8220;4.16&#8243; custom_padding=&#8220;|||&#8220; global_colors_info=&#8220;{}&#8220; custom_padding__hover=&#8220;|||&#8220;][et_pb_blurb title=&#8220;Weingut Adrian&#8220; _builder_version=&#8220;4.27.6&#8243; header_level=&#8220;h5&#8243; header_font=&#8220;Raleway|700|||||||&#8220; header_font_size=&#8220;20px&#8220; header_line_height=&#8220;1.2em&#8220; body_font=&#8220;||||||||&#8220; body_font_size=&#8220;14px&#8220; body_line_height=&#8220;2em&#8220; global_colors_info=&#8220;{}&#8220;]<\/p>\n<p><span>Das Weingut Adrian wurde von Johann in 2. Generation \u00fcbernommen und behutsam auf- und ausgebaut. Schon in fr\u00fchen Jahren hat er dabei auf eine nachhaltige Bewirtschaftung gesetzt. Alle T\u00e4tigkeiten im Weingarten hat er jeder Riede und jeder Bodenstruktur angepasst und f\u00fcr ein optimales Blatt-Frucht-Verh\u00e4ltnis in jedem Weingarten bewusst die Ertr\u00e4ge reduziert.<\/span><\/p>\n<p>[\/et_pb_blurb][\/et_pb_column][et_pb_column type=&#8220;1_3&#8243; _builder_version=&#8220;4.16&#8243; custom_padding=&#8220;|||&#8220; global_colors_info=&#8220;{}&#8220; custom_padding__hover=&#8220;|||&#8220;][et_pb_blurb title=&#8220;Eichenwald Weine&#8220; _builder_version=&#8220;4.27.6&#8243; header_level=&#8220;h5&#8243; header_font=&#8220;Raleway|700|||||||&#8220; header_font_size=&#8220;20px&#8220; header_line_height=&#8220;1.2em&#8220; body_font=&#8220;||||||||&#8220; body_font_size=&#8220;14px&#8220; body_line_height=&#8220;2em&#8220; global_colors_info=&#8220;{}&#8220;]<\/p>\n<p><span>Die Geschichte der Eichenwald Weine beginnt im Jahr 1962 mit der Gr\u00fcndung der Winzergenossenschaft Horitschon und Umgebung. Nach der Kommassierung wurden neue Weingartenfluren gro\u00dffl\u00e4chig ausgepflanzt. In den Rieden Gfangerwald, Schiedknolling, Stadl\u00e4cker, D\u00fcrrau, Hutweide und Rakitsch wurden die Fl\u00e4chen stark vermehrt. Die Weingartenfl\u00e4che hat sich zwischen 1960 und 1993 von ca. 80 Hektar auf ca. 300 Hektar erh\u00f6ht.<\/span><\/p>\n<p>[\/et_pb_blurb][\/et_pb_column][et_pb_column type=&#8220;1_3&#8243; _builder_version=&#8220;4.16&#8243; custom_padding=&#8220;|||&#8220; global_colors_info=&#8220;{}&#8220; custom_padding__hover=&#8220;|||&#8220;][et_pb_blurb title=&#8220;Weingut Sp\u00e4th&#8220; _builder_version=&#8220;4.27.6&#8243; header_level=&#8220;h5&#8243; header_font=&#8220;Raleway|700|||||||&#8220; header_font_size=&#8220;20px&#8220; header_line_height=&#8220;1.2em&#8220; body_font=&#8220;||||||||&#8220; body_font_size=&#8220;14px&#8220; body_line_height=&#8220;2em&#8220; global_colors_info=&#8220;{}&#8220;]<\/p>\n<p><span class=\"wnd-font-size-110\">Seit 2005 bewirtschaften wir rund 8 ha Weing\u00e4rten rund um Gro\u00dfkrut und keltern daraus 20 verschiedene Weine.\u00a0<\/span><span class=\"wnd-font-size-110\">Meist haben wir Freude an der Arbeit und finden hier unsere Erf\u00fcllung.<\/span><span>Die Rebanlagen stehen rund um Gro\u00dfkrut, Alth\u00f6flein und Ginzersdorf auf L\u00f6\u00dfb\u00f6den oder auf sandigem Muschelkalk.<\/span><\/p>\n<p>[\/et_pb_blurb][\/et_pb_column][\/et_pb_row][et_pb_row column_structure=&#8220;1_3,1_3,1_3&#8243; _builder_version=&#8220;4.16&#8243; global_colors_info=&#8220;{}&#8220;][et_pb_column type=&#8220;1_3&#8243; _builder_version=&#8220;4.16&#8243; custom_padding=&#8220;|||&#8220; global_colors_info=&#8220;{}&#8220; custom_padding__hover=&#8220;|||&#8220;][et_pb_blurb title=&#8220;Weingut Fink&#8220; _builder_version=&#8220;4.27.6&#8243; header_level=&#8220;h5&#8243; header_font=&#8220;Raleway|700|||||||&#8220; header_font_size=&#8220;20px&#8220; header_line_height=&#8220;1.2em&#8220; body_font=&#8220;||||||||&#8220; body_font_size=&#8220;14px&#8220; body_line_height=&#8220;2em&#8220; global_colors_info=&#8220;{}&#8220;]<\/p>\n<div class=\"cc-m-hgrid-column\">\n<div id=\"cc-matrix-4623258024\">\n<div id=\"cc-m-15828817024\" class=\"j-module n j-header \"><\/div>\n<div id=\"cc-m-15828817124\" class=\"j-module n j-text \">\n<p>Unsere Weine sind mit Liebe und Leidenschaft zur Natur und in Handarbeit hergestellt, und das schmeckt man! &#8222;AWC Gold- und Silbermedaillen&#8220; best\u00e4tigen unsere Arbeit mit Know-How aus jahrelanger Erfahrung. Unser Weinbaubetrieb wird bereits von der dritten Generation bewirtschaftet. 1958 wurde er von Rudolf Fink gegr\u00fcndet. Seit 1988 bewirtschaften wir den Betrieb und haben ihn bis zum Jahr 2000 von 4 auf etwa 10 Hektar vergr\u00f6\u00dfert. In und um Loiben in der Wachau liegen unsere Weing\u00e4rten. Etwa 10 Hektar Anbaufl\u00e4che auf Urgestein- und Verwitterungsb\u00f6den befinden sich in den bekannten Rieden Loibenberg, Kreutles, Frauenweingarten und H\u00f6hereck, um nur einige zu nennen.<\/p>\n<\/div>\n<\/div>\n<\/div>\n<p>[\/et_pb_blurb][\/et_pb_column][et_pb_column type=&#8220;1_3&#8243; _builder_version=&#8220;4.16&#8243; custom_padding=&#8220;|||&#8220; global_colors_info=&#8220;{}&#8220; custom_padding__hover=&#8220;|||&#8220;][et_pb_blurb title=&#8220;Weingut Steiner&#8220; _builder_version=&#8220;4.27.6&#8243; header_level=&#8220;h5&#8243; header_font=&#8220;Raleway|700|||||||&#8220; header_font_size=&#8220;20px&#8220; header_line_height=&#8220;1.2em&#8220; body_font=&#8220;||||||||&#8220; body_font_size=&#8220;14px&#8220; body_line_height=&#8220;2em&#8220; global_colors_info=&#8220;{}&#8220;]<\/p>\n<div id=\"bgLayers_comp-lqljuvtc2\" data-hook=\"bgLayers\" data-motion-part=\"BG_LAYER comp-lqljuvtc2\" class=\"MW5IWV\">\n<div id=\"bgMedia_comp-lqljuvtc2\" data-motion-part=\"BG_MEDIA comp-lqljuvtc2\" class=\"VgO9Yg\"><span class=\"wixui-rich-text__text\">Klein, aber sehr fein. <\/span>Wir empfinden die quantitative \u201eKleinheit&#8220; unseres Weinguts und die Tatsache, dass wir nicht davon leben m\u00fcssen, als eine Art Luxus. Denn wir k\u00f6nnen uns bei allen Arbeiten im Weinberg und im Keller &#8211; ohne jeden \u00f6konomischen Druck &#8211; ausschlie\u00dflich von unseren Ideen zur Erlangung der h\u00f6chstm\u00f6glichen Weinqualit\u00e4t leiten lassen.<\/div>\n<\/div>\n<div data-mesh-id=\"comp-lqljuvtc2inlineContent\" data-testid=\"inline-content\" class=\"\">\n<div data-mesh-id=\"comp-lqljuvtc2inlineContent-gridContainer\" data-testid=\"mesh-container-content\">\n<div id=\"comp-lqljuvte2\" class=\"ku3DBC zQ9jDz qvSjx3 Vq6kJx comp-lqljuvte2 wixui-rich-text\" data-testid=\"richTextElement\">\n<p class=\"font_8 wixui-rich-text__text\">\n<p class=\"font_8 wixui-rich-text__text\">Es kann zum Beispiel vorkommen, dass wir im Zuge der Laubarbeit eine Zeitlang \u00fcber ein einzelnes Blatt sprechen: Wir diskutieren dann, ob wir dieses Blatt \u00fcber einer sch\u00f6nen Weintraube wegschneiden oder belassen. F\u00fcr die Beschattung der Traube sollten wir das Blatt belassen, zur besseren Durchl\u00fcftung sollten wir es wegschneiden.<\/p>\n<p class=\"font_8 wixui-rich-text__text\">\n<p class=\"font_8 wixui-rich-text__text\">So zu arbeiten mag von Dritten als verr\u00fcckt empfunden werden. Uns macht es aber Spa\u00df, und letztlich dient es nat\u00fcrlich der Qualit\u00e4tssteigerung.<\/p>\n<\/div>\n<\/div>\n<\/div>\n<p>[\/et_pb_blurb][\/et_pb_column][et_pb_column type=&#8220;1_3&#8243; _builder_version=&#8220;4.16&#8243; custom_padding=&#8220;|||&#8220; global_colors_info=&#8220;{}&#8220; custom_padding__hover=&#8220;|||&#8220;][et_pb_blurb title=&#8220;Weingut Giessauf-Nell&#8220; _builder_version=&#8220;4.27.6&#8243; header_level=&#8220;h5&#8243; header_font=&#8220;Raleway|700|||||||&#8220; header_font_size=&#8220;20px&#8220; header_line_height=&#8220;1.2em&#8220; body_font=&#8220;||||||||&#8220; body_font_size=&#8220;14px&#8220; body_line_height=&#8220;2em&#8220; global_colors_info=&#8220;{}&#8220;]<\/p>\n<p><span>Unmittelbar hinter dem Ortszentrum von Kl\u00f6ch erhebt sich der Hochwarth, ein sanft geschwungener H\u00fcgel, auf dem sich die besten Weinlagen der Gegend befinden. Hier liegt zwischen den Weing\u00e4rten- idyllisch und ruhig &#8211; unser Betrieb, ein Haus mit langer Tradition. Am Weingut bearbeiten wir rund 6 Hektar Weingarten, verteilt auf die Rieden Hochwarth, Kratzer, Seindl, Klinzl und R\u00f6hrl.<\/p>\n<p>Wir erzeugen eine breite Palette von Wei\u00dfweinen- Weine mit hoher Sortencharakteristik.<br \/>Vom Welschriesling bis zum Kl\u00f6cher Traminer &#8211; unsere Weine sind gepr\u00e4gt vom unvergleichlichen Terroir des Vulkanlandes.<\/span><\/p>\n<p>[\/et_pb_blurb][\/et_pb_column][\/et_pb_row][et_pb_row column_structure=&#8220;1_3,1_3,1_3&#8243; _builder_version=&#8220;4.16&#8243; global_colors_info=&#8220;{}&#8220;][et_pb_column type=&#8220;1_3&#8243; _builder_version=&#8220;4.16&#8243; custom_padding=&#8220;|||&#8220; global_colors_info=&#8220;{}&#8220; custom_padding__hover=&#8220;|||&#8220;][et_pb_blurb title=&#8220;Weinbau Gramer&#8220; _builder_version=&#8220;4.27.6&#8243; header_level=&#8220;h5&#8243; header_font=&#8220;Raleway|700|||||||&#8220; header_font_size=&#8220;20px&#8220; header_line_height=&#8220;1.2em&#8220; body_font=&#8220;||||||||&#8220; body_font_size=&#8220;14px&#8220; body_line_height=&#8220;2em&#8220; global_colors_info=&#8220;{}&#8220;]<\/p>\n<div class=\"cc-m-hgrid-column\">\n<div id=\"cc-matrix-4623258024\">\n<div id=\"cc-m-15828817024\" class=\"j-module n j-header \">\n<div class=\"section-text text-block \">\n<p>Unsere Wurzeln gehen zur\u00fcck auf 1960, als mein Gro\u00dfvater Ferdinand Gramer in Gemeinlebarn 59 eine Landwirtschaft samt Weinbau im Haupterwerb f\u00fchrte.<\/p>\n<p>Jahre sp\u00e4ter er\u00f6ffneten meine Gro\u00dfeltern erstmals eine Heurigenschenke. Sie ist\u00a0seit jener Zeit Aush\u00e4ngeschild unseres Betriebes. Im Jahre 1994 \u00fcbernahmen Christa und Edmund Gramer den landwirtschaftlichen Betrieb und f\u00fchrten den Heurigenbetrieb weiter.<\/p>\n<p>Nach einer kurzen Pause von einigen Jahren entschieden wir uns gemeinsam mit Bernhard, der in der Zwischenzeit die\u00a0Weinbauschule in Krems absolviert hatte, den Heurigenbetrieb wieder aufzunehmen.<\/p>\n<\/div>\n<div class=\"section-text text-block \">\n<p>Unser Betrieb umfasst derzeit 3 ha Weingarten und 0,5 ha Obstgarten. Es wird als Familie gemeinsam bewirtschaftet, wobei jedes Familienmitglied seinen eigenen besonderen Aufgabenbereich hat.<\/p>\n<\/div>\n<\/div>\n<\/div>\n<\/div>\n<p>[\/et_pb_blurb][\/et_pb_column][et_pb_column type=&#8220;1_3&#8243; _builder_version=&#8220;4.16&#8243; custom_padding=&#8220;|||&#8220; global_colors_info=&#8220;{}&#8220; custom_padding__hover=&#8220;|||&#8220;][et_pb_blurb title=&#8220;Weingut Lenhart&#8220; _builder_version=&#8220;4.27.6&#8243; header_level=&#8220;h5&#8243; header_font=&#8220;Raleway|700|||||||&#8220; header_font_size=&#8220;20px&#8220; header_line_height=&#8220;1.2em&#8220; body_font=&#8220;||||||||&#8220; body_font_size=&#8220;14px&#8220; body_line_height=&#8220;2em&#8220; global_colors_info=&#8220;{}&#8220;]<\/p>\n<div id=\"bgLayers_comp-lqljuvtc2\" data-hook=\"bgLayers\" data-motion-part=\"BG_LAYER comp-lqljuvtc2\" class=\"MW5IWV\">\n<div id=\"bgMedia_comp-lqljuvtc2\" data-motion-part=\"BG_MEDIA comp-lqljuvtc2\" class=\"VgO9Yg\">\n<p data-start=\"23\" data-end=\"444\">Unsere Wurzeln reichen zur\u00fcck bis ins Jahr 1932, als der erste Weingarten gepflanzt wurde. \u00dcber Generationen hinweg wurde der Betrieb stetig aufgebaut und weiterentwickelt \u2013 von den ersten Geb\u00e4uden im Jahr 1951 \u00fcber die \u00dcbernahme der Weing\u00e4rten 1977 bis hin zur eigenen Flaschenvermarktung ab 1991. Mit der Gr\u00fcndung der M\u00fcnzenrieder Wein GmbH im Jahr 2005 wurde schlie\u00dflich der Grundstein f\u00fcr den heutigen Betrieb gelegt.<\/p>\n<p data-start=\"446\" data-end=\"543\">Heute f\u00fchren wir, David &amp; Doris, diese Geschichte weiter \u2013 allerdings auf unsere ganz eigene Art.<\/p>\n<p data-start=\"545\" data-end=\"931\">Nach 15 Jahren im Schuldienst entschied sich David f\u00fcr einen Neuanfang und tauschte Klassenzimmer gegen Weingarten. Mit der \u00dcbernahme der familieneigenen Fl\u00e4chen und viel pers\u00f6nlichem Einsatz entstand Schritt f\u00fcr Schritt unser eigenes Weingut. Jede Phase \u2013 von der Arbeit im Weingarten bis zur ersten Lese \u2013 war gepr\u00e4gt von Lernen, Leidenschaft und dem Ziel, ehrliche Weine zu schaffen.<\/p>\n<p data-start=\"933\" data-end=\"1060\" data-is-last-node=\"\" data-is-only-node=\"\">Jetzt stehen wir am Anfang eines neuen Kapitels \u2013 mit vielen Ideen, viel Motivation und nat\u00fcrlich gut gef\u00fcllten Weinkellern.<\/p>\n<\/div>\n<\/div>\n<p>[\/et_pb_blurb][\/et_pb_column][et_pb_column type=&#8220;1_3&#8243; _builder_version=&#8220;4.16&#8243; custom_padding=&#8220;|||&#8220; global_colors_info=&#8220;{}&#8220; custom_padding__hover=&#8220;|||&#8220;][\/et_pb_column][\/et_pb_row][et_pb_row _builder_version=&#8220;4.16&#8243; locked=&#8220;off&#8220; global_colors_info=&#8220;{}&#8220;][et_pb_column type=&#8220;4_4&#8243; _builder_version=&#8220;4.16&#8243; custom_padding=&#8220;|||&#8220; global_colors_info=&#8220;{}&#8220; custom_padding__hover=&#8220;|||&#8220;][et_pb_text _builder_version=&#8220;4.27.4&#8243; text_font=&#8220;||||||||&#8220; text_line_height=&#8220;2em&#8220; header_font=&#8220;||||||||&#8220; header_2_font=&#8220;Raleway|700|||||||&#8220; header_2_font_size=&#8220;50px&#8220; header_2_line_height=&#8220;1.2em&#8220; header_6_font=&#8220;Raleway|700||on|||||&#8220; header_6_font_size=&#8220;16px&#8220; header_6_letter_spacing=&#8220;5px&#8220; header_6_line_height=&#8220;1.8em&#8220; max_width=&#8220;512px&#8220; max_width_last_edited=&#8220;off|desktop&#8220; header_2_font_size_tablet=&#8220;35px&#8220; header_2_font_size_phone=&#8220;25px&#8220; header_2_font_size_last_edited=&#8220;on|phone&#8220; global_colors_info=&#8220;{}&#8220;]<\/p>\n<h6>und<\/h6>\n<h2>Noch mehr<\/h2>\n<p>[\/et_pb_text][\/et_pb_column][\/et_pb_row][et_pb_row column_structure=&#8220;1_3,1_3,1_3&#8243; _builder_version=&#8220;4.16&#8243; global_colors_info=&#8220;{}&#8220;][et_pb_column type=&#8220;1_3&#8243; _builder_version=&#8220;4.16&#8243; custom_padding=&#8220;|||&#8220; global_colors_info=&#8220;{}&#8220; custom_padding__hover=&#8220;|||&#8220;][et_pb_blurb title=&#8220;Brenngeist&#8220; _builder_version=&#8220;4.27.4&#8243; header_level=&#8220;h5&#8243; header_font=&#8220;Raleway|700|||||||&#8220; header_font_size=&#8220;20px&#8220; header_line_height=&#8220;1.4em&#8220; body_font=&#8220;||||||||&#8220; body_font_size=&#8220;14px&#8220; body_line_height=&#8220;2em&#8220; global_colors_info=&#8220;{}&#8220;]<\/p>\n<p><span>Unsere Destillerie Brenngeist, steht f\u00fcr unkonventionelle Ideen, Innovationskraft und echte Leidenschaft. Ob in der Entwicklung neuer Produkte oder in unserer Entstehungsgeschichte \u2013 vieles begann mit einer \u201eSchnapsidee\u201c. Durch unerm\u00fcdliche Entschlossenheit und handwerkliches K\u00f6nnen verwandeln wir au\u00dfergew\u00f6hnliche Ideen in einzigartige Destillate. Dabei sind Freude an der Arbeit und kompromisslose Qualit\u00e4t stets unser Antrieb und Anspruch.<\/span><\/p>\n<p><span>Unsere Steckenpferde sind der Gr\u00fcne Veltliner, der auf den tiefgr\u00fcndigen L\u00f6ssb\u00f6den wie <\/span><strong>Kremser Sandgrube<\/strong><span> oder <\/span><strong>Kremser Kerschbaum<\/strong><span> perfekte Voraussetzungen findet, und Riesling, der auf den typischen Urgesteinsb\u00f6den wie die <\/span><strong>Terrassenlage Sunogeln<\/strong><span> (wo die Sun hin nogelt) und <\/span><strong>Stratzinger G\u00e4rtling<\/strong><span> hervorragende Weine bringt.<\/span><\/p>\n<p>[\/et_pb_blurb][\/et_pb_column][et_pb_column type=&#8220;1_3&#8243; _builder_version=&#8220;4.16&#8243; custom_padding=&#8220;|||&#8220; global_colors_info=&#8220;{}&#8220; custom_padding__hover=&#8220;|||&#8220;][et_pb_blurb title=&#8220;Pepes Genussstadel&#8220; _builder_version=&#8220;4.27.4&#8243; header_level=&#8220;h5&#8243; header_font=&#8220;Raleway|700|||||||&#8220; header_font_size=&#8220;20px&#8220; header_line_height=&#8220;1.4em&#8220; body_font=&#8220;||||||||&#8220; body_font_size=&#8220;14px&#8220; body_line_height=&#8220;2em&#8220; global_colors_info=&#8220;{}&#8220;]<\/p>\n<p>b Sie erlesene Weine suchen, regionale K\u00f6stlichkeiten probieren m\u00f6chten oder einfach nur einen Ort brauchen, an dem Sie sich wie bei guten Freunden f\u00fchlen &#8211; bei uns sind Sie genau richtig.<\/p>\n<p>Unser Herzst\u00fcck ist die Liebe zu gutem Geschmack. In unserer Vinothek finden Sie sorgf\u00e4ltig ausgew\u00e4hlte Tropfen, die jedes Glas zu einem Erlebnis machen.<\/p>\n<p>Unsere regionalen, nationalen und internationalen Delikatessen lassen Gourmet Herzen h\u00f6herschlagen und das alles mit Herzlichkeit und Gastfreundschaft, die Sie nur von einem wahren Freund erwarten.<\/p>\n<p>Egal, ob Sie sich verw\u00f6hnen lassen oder neue Lieblingsprodukte entdecken m\u00f6chten &#8211; bei Pepes Genussstadl sind Sie immer willkommen.<\/p>\n<p>[\/et_pb_blurb][\/et_pb_column][et_pb_column type=&#8220;1_3&#8243; _builder_version=&#8220;4.16&#8243; custom_padding=&#8220;|||&#8220; global_colors_info=&#8220;{}&#8220; custom_padding__hover=&#8220;|||&#8220;][\/et_pb_column][\/et_pb_row][\/et_pb_section]<\/p>\n","protected":false},"excerpt":{"rendered":"<p>Die WeinWiesn Pr\u00e4sentiert die WinzerWinzer Bis zu 250 erlesene Weine von bis zu 25 Winzern aus ganz \u00d6sterreichDie WinzerWeine mit Identit\u00e4t und Format haben in unserem Familienbetrieb Tradition. Wir haben uns auf die Produktion von Weinen spezialisiert, die durch ihre ganz pers\u00f6nliche Note \u00fcberzeugen.Das Weingut IPSMILLER ist bereits in der 8. Generation mit der Vinifizierung [&hellip;]<\/p>\n","protected":false},"author":1,"featured_media":0,"parent":0,"menu_order":0,"comment_status":"closed","ping_status":"closed","template":"","meta":{"_et_pb_use_builder":"on","_et_pb_old_content":"","_et_gb_content_width":"","footnotes":""},"class_list":["post-370","page","type-page","status-publish","hentry"],"yoast_head":"<!-- This site is optimized with the Yoast SEO plugin v27.5 - https:\/\/yoast.com\/product\/yoast-seo-wordpress\/ -->\n<title>Unsere Winzer - Die Weinwiesn<\/title>\n<meta name=\"description\" content=\"K\u00e4rntens gr\u00f6\u00dfte Outdoor-Weinverkostung \u00f6ffnet ihre Tore. Besucher k\u00f6nnen die Vielfalt der heimischen Weinkultur genie\u00dfen.\" \/>\n<meta name=\"robots\" content=\"index, follow, max-snippet:-1, max-image-preview:large, max-video-preview:-1\" \/>\n<link rel=\"canonical\" href=\"https:\/\/dieweinwiesn.at\/index.php\/unsere-winzer\/\" \/>\n<meta property=\"og:locale\" content=\"de_DE\" \/>\n<meta property=\"og:type\" content=\"article\" \/>\n<meta property=\"og:title\" content=\"Unsere Winzer - Die Weinwiesn\" \/>\n<meta property=\"og:description\" content=\"K\u00e4rntens gr\u00f6\u00dfte Outdoor-Weinverkostung \u00f6ffnet ihre Tore. Besucher k\u00f6nnen die Vielfalt der heimischen Weinkultur genie\u00dfen.\" \/>\n<meta property=\"og:url\" content=\"https:\/\/dieweinwiesn.at\/index.php\/unsere-winzer\/\" \/>\n<meta property=\"og:site_name\" content=\"Die Weinwiesn\" \/>\n<meta property=\"article:modified_time\" content=\"2026-04-28T16:04:51+00:00\" \/>\n<meta name=\"twitter:card\" content=\"summary_large_image\" \/>\n<meta name=\"twitter:label1\" content=\"Gesch\u00e4tzte Lesezeit\" \/>\n\t<meta name=\"twitter:data1\" content=\"8\u00a0Minuten\" \/>\n<script type=\"application\/ld+json\" class=\"yoast-schema-graph\">{\"@context\":\"https:\\\/\\\/schema.org\",\"@graph\":[{\"@type\":\"WebPage\",\"@id\":\"https:\\\/\\\/dieweinwiesn.at\\\/index.php\\\/unsere-winzer\\\/\",\"url\":\"https:\\\/\\\/dieweinwiesn.at\\\/index.php\\\/unsere-winzer\\\/\",\"name\":\"Unsere Winzer - Die Weinwiesn\",\"isPartOf\":{\"@id\":\"https:\\\/\\\/dieweinwiesn.at\\\/#website\"},\"datePublished\":\"2024-06-04T10:48:49+00:00\",\"dateModified\":\"2026-04-28T16:04:51+00:00\",\"description\":\"K\u00e4rntens gr\u00f6\u00dfte Outdoor-Weinverkostung \u00f6ffnet ihre Tore. Besucher k\u00f6nnen die Vielfalt der heimischen Weinkultur genie\u00dfen.\",\"breadcrumb\":{\"@id\":\"https:\\\/\\\/dieweinwiesn.at\\\/index.php\\\/unsere-winzer\\\/#breadcrumb\"},\"inLanguage\":\"de\",\"potentialAction\":[{\"@type\":\"ReadAction\",\"target\":[\"https:\\\/\\\/dieweinwiesn.at\\\/index.php\\\/unsere-winzer\\\/\"]}]},{\"@type\":\"BreadcrumbList\",\"@id\":\"https:\\\/\\\/dieweinwiesn.at\\\/index.php\\\/unsere-winzer\\\/#breadcrumb\",\"itemListElement\":[{\"@type\":\"ListItem\",\"position\":1,\"name\":\"Startseite\",\"item\":\"https:\\\/\\\/dieweinwiesn.at\\\/\"},{\"@type\":\"ListItem\",\"position\":2,\"name\":\"Unsere Winzer\"}]},{\"@type\":\"WebSite\",\"@id\":\"https:\\\/\\\/dieweinwiesn.at\\\/#website\",\"url\":\"https:\\\/\\\/dieweinwiesn.at\\\/\",\"name\":\"Die Weinwiesn\",\"description\":\"Der gr\u00f6\u00dfte Weinfr\u00fchling K\u00e4rntens\",\"potentialAction\":[{\"@type\":\"SearchAction\",\"target\":{\"@type\":\"EntryPoint\",\"urlTemplate\":\"https:\\\/\\\/dieweinwiesn.at\\\/?s={search_term_string}\"},\"query-input\":{\"@type\":\"PropertyValueSpecification\",\"valueRequired\":true,\"valueName\":\"search_term_string\"}}],\"inLanguage\":\"de\"}]}<\/script>\n<!-- \/ Yoast SEO plugin. -->","yoast_head_json":{"title":"Unsere Winzer - Die Weinwiesn","description":"K\u00e4rntens gr\u00f6\u00dfte Outdoor-Weinverkostung \u00f6ffnet ihre Tore. Besucher k\u00f6nnen die Vielfalt der heimischen Weinkultur genie\u00dfen.","robots":{"index":"index","follow":"follow","max-snippet":"max-snippet:-1","max-image-preview":"max-image-preview:large","max-video-preview":"max-video-preview:-1"},"canonical":"https:\/\/dieweinwiesn.at\/index.php\/unsere-winzer\/","og_locale":"de_DE","og_type":"article","og_title":"Unsere Winzer - Die Weinwiesn","og_description":"K\u00e4rntens gr\u00f6\u00dfte Outdoor-Weinverkostung \u00f6ffnet ihre Tore. Besucher k\u00f6nnen die Vielfalt der heimischen Weinkultur genie\u00dfen.","og_url":"https:\/\/dieweinwiesn.at\/index.php\/unsere-winzer\/","og_site_name":"Die Weinwiesn","article_modified_time":"2026-04-28T16:04:51+00:00","twitter_card":"summary_large_image","twitter_misc":{"Gesch\u00e4tzte Lesezeit":"8\u00a0Minuten"},"schema":{"@context":"https:\/\/schema.org","@graph":[{"@type":"WebPage","@id":"https:\/\/dieweinwiesn.at\/index.php\/unsere-winzer\/","url":"https:\/\/dieweinwiesn.at\/index.php\/unsere-winzer\/","name":"Unsere Winzer - Die Weinwiesn","isPartOf":{"@id":"https:\/\/dieweinwiesn.at\/#website"},"datePublished":"2024-06-04T10:48:49+00:00","dateModified":"2026-04-28T16:04:51+00:00","description":"K\u00e4rntens gr\u00f6\u00dfte Outdoor-Weinverkostung \u00f6ffnet ihre Tore. Besucher k\u00f6nnen die Vielfalt der heimischen Weinkultur genie\u00dfen.","breadcrumb":{"@id":"https:\/\/dieweinwiesn.at\/index.php\/unsere-winzer\/#breadcrumb"},"inLanguage":"de","potentialAction":[{"@type":"ReadAction","target":["https:\/\/dieweinwiesn.at\/index.php\/unsere-winzer\/"]}]},{"@type":"BreadcrumbList","@id":"https:\/\/dieweinwiesn.at\/index.php\/unsere-winzer\/#breadcrumb","itemListElement":[{"@type":"ListItem","position":1,"name":"Startseite","item":"https:\/\/dieweinwiesn.at\/"},{"@type":"ListItem","position":2,"name":"Unsere Winzer"}]},{"@type":"WebSite","@id":"https:\/\/dieweinwiesn.at\/#website","url":"https:\/\/dieweinwiesn.at\/","name":"Die Weinwiesn","description":"Der gr\u00f6\u00dfte Weinfr\u00fchling K\u00e4rntens","potentialAction":[{"@type":"SearchAction","target":{"@type":"EntryPoint","urlTemplate":"https:\/\/dieweinwiesn.at\/?s={search_term_string}"},"query-input":{"@type":"PropertyValueSpecification","valueRequired":true,"valueName":"search_term_string"}}],"inLanguage":"de"}]}},"_links":{"self":[{"href":"https:\/\/dieweinwiesn.at\/index.php\/wp-json\/wp\/v2\/pages\/370","targetHints":{"allow":["GET"]}}],"collection":[{"href":"https:\/\/dieweinwiesn.at\/index.php\/wp-json\/wp\/v2\/pages"}],"about":[{"href":"https:\/\/dieweinwiesn.at\/index.php\/wp-json\/wp\/v2\/types\/page"}],"author":[{"embeddable":true,"href":"https:\/\/dieweinwiesn.at\/index.php\/wp-json\/wp\/v2\/users\/1"}],"replies":[{"embeddable":true,"href":"https:\/\/dieweinwiesn.at\/index.php\/wp-json\/wp\/v2\/comments?post=370"}],"version-history":[{"count":28,"href":"https:\/\/dieweinwiesn.at\/index.php\/wp-json\/wp\/v2\/pages\/370\/revisions"}],"predecessor-version":[{"id":747,"href":"https:\/\/dieweinwiesn.at\/index.php\/wp-json\/wp\/v2\/pages\/370\/revisions\/747"}],"wp:attachment":[{"href":"https:\/\/dieweinwiesn.at\/index.php\/wp-json\/wp\/v2\/media?parent=370"}],"curies":[{"name":"wp","href":"https:\/\/api.w.org\/{rel}","templated":true}]}}