{"id":17,"date":"2023-03-15T16:20:31","date_gmt":"2023-03-15T16:20:31","guid":{"rendered":"https:\/\/dieweinwiesn.at\/?page_id=17"},"modified":"2026-03-31T10:57:41","modified_gmt":"2026-03-31T10:57:41","slug":"weinfest","status":"publish","type":"page","link":"https:\/\/dieweinwiesn.at\/","title":{"rendered":"Startseite"},"content":{"rendered":"<p>[et_pb_section fb_built=&#8220;1&#8243; fullwidth=&#8220;on&#8220; _builder_version=&#8220;4.27.6&#8243; _module_preset=&#8220;default&#8220; global_colors_info=&#8220;{}&#8220;][et_pb_fullwidth_code module_class=&#8220;video-full&#8220; _builder_version=&#8220;4.27.6&#8243; _module_preset=&#8220;default&#8220; global_colors_info=&#8220;{}&#8220;]<\/p>\n<div class=\"vimeo-hero\"><!-- [et_pb_line_break_holder] -->  <iframe<!-- [et_pb_line_break_holder] -->    src=&#8220;https:\/\/player.vimeo.com\/video\/1166307745?background=1&#038;autoplay=1&#038;loop=1&#038;muted=1&#8243;<!-- [et_pb_line_break_holder] -->    allow=&#8220;autoplay; fullscreen; picture-in-picture&#8220;<!-- [et_pb_line_break_holder] -->    allowfullscreen<!-- [et_pb_line_break_holder] -->    title=&#8220;WeinWiesn&#8220;><!-- [et_pb_line_break_holder] -->  <\/iframe><!-- [et_pb_line_break_holder] --><\/div>\n<p>[\/et_pb_fullwidth_code][\/et_pb_section][et_pb_section fb_built=&#8220;1&#8243; admin_label=&#8220;Promo Banner&#8220; _builder_version=&#8220;4.20.4&#8243; _module_preset=&#8220;default&#8220; background_color=&#8220;#6c0002&#8243; custom_padding=&#8220;0px|0px|0px|0px&#8220; global_colors_info=&#8220;{}&#8220;][et_pb_row _builder_version=&#8220;4.16&#8243; _module_preset=&#8220;default&#8220; global_colors_info=&#8220;{}&#8220;][et_pb_column type=&#8220;4_4&#8243; _builder_version=&#8220;4.16&#8243; _module_preset=&#8220;default&#8220; custom_padding=&#8220;|||&#8220; global_colors_info=&#8220;{}&#8220; custom_padding__hover=&#8220;|||&#8220;][et_pb_text _builder_version=&#8220;4.27.5&#8243; _module_preset=&#8220;default&#8220; text_font=&#8220;||||||||&#8220; link_font=&#8220;|600|||on||||&#8220; link_text_color=&#8220;rgba(12,12,12,0.59)&#8220; header_font=&#8220;||||||||&#8220; header_2_font=&#8220;Branch|||on|||||&#8220; header_2_font_size=&#8220;23px&#8220; header_2_line_height=&#8220;1.5em&#8220; text_orientation=&#8220;center&#8220; background_layout=&#8220;dark&#8220; global_colors_info=&#8220;{}&#8220;]<\/p>\n<h2><strong>Die WeinWiesn vom 04. bis 06. Juni 2026 in Velden am W\u00f6rthersee<\/strong><\/h2>\n<p>[\/et_pb_text][\/et_pb_column][\/et_pb_row][\/et_pb_section][et_pb_section fb_built=&#8220;1&#8243; admin_label=&#8220;Our Specialties Section&#8220; _builder_version=&#8220;4.20.4&#8243; _module_preset=&#8220;default&#8220; background_image=&#8220;https:\/\/dieweinwiesn.at\/wp-content\/uploads\/2023\/03\/Wein.png&#8220; background_size=&#8220;contain&#8220; background_position=&#8220;top_left&#8220; custom_padding=&#8220;110px||6px|||&#8220; global_colors_info=&#8220;{}&#8220;][et_pb_row admin_label=&#8220;Title Area&#8220; _builder_version=&#8220;4.16&#8243; _module_preset=&#8220;default&#8220; global_colors_info=&#8220;{}&#8220;][et_pb_column type=&#8220;4_4&#8243; _builder_version=&#8220;4.16&#8243; _module_preset=&#8220;default&#8220; custom_padding=&#8220;|||&#8220; global_colors_info=&#8220;{}&#8220; custom_padding__hover=&#8220;|||&#8220;][et_pb_text admin_label=&#8220;Title&#8220; _builder_version=&#8220;4.27.4&#8243; _module_preset=&#8220;default&#8220; text_font=&#8220;||||||||&#8220; header_font=&#8220;||||||||&#8220; header_font_size=&#8220;29px&#8220; header_2_font=&#8220;Branch|||on|||||&#8220; header_2_text_align=&#8220;center&#8220; header_2_text_color=&#8220;#6c0002&#8243; header_2_font_size=&#8220;22px&#8220; header_2_line_height=&#8220;1.5em&#8220; custom_margin=&#8220;||-1px|||&#8220; animation_direction=&#8220;top&#8220; global_colors_info=&#8220;{}&#8220;]<\/p>\n<h2 style=\"text-align: left;\"><strong>Willkommen zur WeinWiesn 2025 in Velden am W\u00f6rthersee!<\/strong><\/h2>\n<p>[\/et_pb_text][et_pb_text _builder_version=&#8220;4.27.6&#8243; _module_preset=&#8220;default&#8220; global_colors_info=&#8220;{}&#8220;]<\/p>\n<p><strong>Das gr\u00f6\u00dfte Weinevent K\u00e4rntens \u2013 vom 4. bis 6. Juni 2026<\/strong><\/p>\n<p>Direkt an der malerischen Promenade vor dem Schlosshotel Velden laden rund 25<span class=\"Apple-converted-space\"> <\/span>Winzer aus ganz \u00d6sterreich dazu ein, bis zu 250 erlesene Weine zu verkosten. Von frischen, spritzigen Wei\u00dfweinen bis hin zu charaktervollen Rotweinen \u2013 hier entdecken Sie garantiert Ihren neuen Favoriten!<\/p>\n<p><b>Verkoste dich \u00fcber die Wiesen<\/b><\/p>\n<p>F\u00fcr einen Verkostungsbeitrag von 40 \u20ac im Vorverkauf oder \u20ac 45 an der Tageskasse genie\u00dfen Sie die Weine aller teilnehmenden Winzer. Zudem erhalten Sie ein exklusives Riedel-Glas sowie eine informative Brosch\u00fcre zum Mitnehmen.<\/p>\n<p><b>Jeder ist willkommen <\/b><b>\u2013 nicht nur Weintrinker und <\/b><b>Verkostungsteilnehmer!<\/b><b><\/b><\/p>\n<p>Das Event findet auf einem frei zug\u00e4nglichen Gel\u00e4nde statt, sodass jeder vorbeikommen kann, der m\u00f6chte.<span class=\"Apple-converted-space\"> <\/span>Ob Sie an der Verkostung teilnehmen, ein Glas Wein oder Bier genie\u00dfen oder einfach gutes Essen probieren m\u00f6chten:<span class=\"Apple-converted-space\"> <\/span><strong>hier ist f\u00fcr jeden etwas dabei.<\/strong><\/p>\n<p><b>Was erwartet Sie bei <\/b><b>der WeinWiesn?<\/b><\/p>\n<ul>\n<li>ca. 25 kleine Winzer aus \u00d6sterreich<\/li>\n<li>Wasser an den St\u00e4nden<\/li>\n<li>Rund 250 Weine<\/li>\n<li>Live-Musik<\/li>\n<li>Bis 4 erstklassige Gastronomen<\/li>\n<\/ul>\n<p>[\/et_pb_text][et_pb_button button_text=&#8220;Tickets sichern&#8220; _builder_version=&#8220;4.27.6&#8243; _module_preset=&#8220;default&#8220; button_url=&#8220;https:\/\/www.eventim-light.com\/at\/a\/63ef97ffcae5547e644102f9&#8243; custom_button=&#8220;on&#8220; button_text_color=&#8220;#FFFFFF&#8220; button_bg_color=&#8220;#6c0002&#8243; button_bg_enable_color=&#8220;on&#8220; button_icon=&#8220;&#xf5ce;||fa||900&#8243; hover_enabled=&#8220;0&#8243; sticky_enabled=&#8220;0&#8243;][\/et_pb_button][et_pb_divider color=&#8220;#2a2a2a&#8220; divider_weight=&#8220;3px&#8220; _builder_version=&#8220;4.16&#8243; _module_preset=&#8220;default&#8220; max_width=&#8220;50px&#8220; module_alignment=&#8220;center&#8220; custom_margin=&#8220;||10px|&#8220; animation_style=&#8220;slide&#8220; animation_direction=&#8220;top&#8220; animation_intensity_slide=&#8220;30%&#8220; animation_starting_opacity=&#8220;100%&#8220; global_colors_info=&#8220;{}&#8220;][\/et_pb_divider][\/et_pb_column][\/et_pb_row][\/et_pb_section][et_pb_section fb_built=&#8220;1&#8243; disabled_on=&#8220;on|on|off&#8220; admin_label=&#8220;Special Offer Section&#8220; module_id=&#8220;kleine-winzer&#8220; _builder_version=&#8220;4.25.1&#8243; _module_preset=&#8220;default&#8220; background_color=&#8220;#e7efef&#8220; use_background_color_gradient=&#8220;on&#8220; background_color_gradient_direction=&#8220;90deg&#8220; background_color_gradient_stops=&#8220;rgba(235,235,235,0) 0%|#ebebeb 70%&#8220; background_color_gradient_overlays_image=&#8220;on&#8220; background_color_gradient_start=&#8220;rgba(235,235,235,0)&#8220; background_color_gradient_end=&#8220;#ebebeb&#8220; background_color_gradient_end_position=&#8220;70%&#8220; background_image=&#8220;https:\/\/dieweinwiesn.at\/wp-content\/uploads\/2023\/04\/Weintrauben.jpg&#8220; custom_padding=&#8220;12%|0px|10%|0px&#8220; global_colors_info=&#8220;{}&#8220;][et_pb_row column_structure=&#8220;2_5,3_5&#8243; admin_label=&#8220;Row&#8220; _builder_version=&#8220;4.16&#8243; _module_preset=&#8220;default&#8220; global_colors_info=&#8220;{}&#8220;][et_pb_column type=&#8220;2_5&#8243; _builder_version=&#8220;4.16&#8243; _module_preset=&#8220;default&#8220; custom_padding=&#8220;|||&#8220; global_colors_info=&#8220;{}&#8220; custom_padding__hover=&#8220;|||&#8220;][\/et_pb_column][et_pb_column type=&#8220;3_5&#8243; _builder_version=&#8220;4.16&#8243; _module_preset=&#8220;default&#8220; custom_padding=&#8220;|||&#8220; global_colors_info=&#8220;{}&#8220; custom_padding__hover=&#8220;|||&#8220;][et_pb_text _builder_version=&#8220;4.27.6&#8243; _module_preset=&#8220;default&#8220; text_font=&#8220;||||||||&#8220; custom_margin=&#8220;|||&#8220; custom_padding=&#8220;|||&#8220; animation_direction=&#8220;left&#8220; global_colors_info=&#8220;{}&#8220;]<\/p>\n<p><b>Tauchen Sie ein in die wunderbare Welt der edlen \u00f6sterreichischen Weine von kleinen Winzer:innen<\/b><\/p>\n<p>Bei der WeinWiesn dreht es sich alles um die Vielfalt der \u00f6sterreichischen Weinkultur. Ob Sie Weinliebhaber:in oder Sommelier\/Sommeli\u00e8re sind, Sie kommen auf ganz bestimmt Ihre Kosten. Im wundersch\u00f6nen Ambiente auf der Promenade vor dem Schlosshotel Velden wird geplauscht, philosophiert, gem\u00fctlich beieinandergesessen und feiner \u00f6sterreichischer Wein genossen.<span class=\"Apple-converted-space\">\u00a0<\/span><\/p>\n<p>Treten Sie direkt mit den kleinen Winzer:innen in Kontakt und probieren Sie ihre edlen Tropfen! Das Weinfest bietet Ihnen die besondere Gelegenheit, interessante pers\u00f6nliche Informationen zu den Anbaumethoden, der Weinlese und Weinbereitung sowie die Geschichten der kleinen Winzer:innen zu bekommen.<span class=\"Apple-converted-space\">\u00a0<\/span><\/p>\n<p>Wir freuen uns auf Ihren Besuch auf der WeinWiesn und w\u00fcnschen Ihnen an dieser Stelle schon viel Spa\u00df und geschmackvolle Genussmomente!<\/p>\n<p>[\/et_pb_text][\/et_pb_column][\/et_pb_row][\/et_pb_section][et_pb_section fb_built=&#8220;1&#8243; disabled_on=&#8220;off|off|on&#8220; admin_label=&#8220;Special Offer Section&#8220; _builder_version=&#8220;4.20.4&#8243; _module_preset=&#8220;default&#8220; background_enable_color=&#8220;off&#8220; background_image=&#8220;https:\/\/dieweinwiesn.at\/wp-content\/uploads\/2023\/04\/Weintrauben.jpg&#8220; background_position=&#8220;bottom_center&#8220; custom_padding=&#8220;12%|0px|10%|0px&#8220; global_colors_info=&#8220;{}&#8220;][et_pb_row column_structure=&#8220;2_3,1_3&#8243; admin_label=&#8220;Row&#8220; _builder_version=&#8220;4.20.2&#8243; _module_preset=&#8220;default&#8220; background_color=&#8220;rgba(235,235,235,0.8)&#8220; custom_padding=&#8220;3%|3%|3%|3%|true|true&#8220; global_colors_info=&#8220;{}&#8220;][et_pb_column type=&#8220;2_3&#8243; _builder_version=&#8220;4.16&#8243; _module_preset=&#8220;default&#8220; custom_padding=&#8220;|||&#8220; global_colors_info=&#8220;{}&#8220; custom_padding__hover=&#8220;|||&#8220;][\/et_pb_column][et_pb_column type=&#8220;1_3&#8243; _builder_version=&#8220;4.16&#8243; _module_preset=&#8220;default&#8220; custom_padding=&#8220;|||&#8220; global_colors_info=&#8220;{}&#8220; custom_padding__hover=&#8220;|||&#8220;][et_pb_text _builder_version=&#8220;4.27.6&#8243; _module_preset=&#8220;default&#8220; text_font=&#8220;||||||||&#8220; custom_margin=&#8220;|||&#8220; custom_padding=&#8220;|||&#8220; animation_direction=&#8220;left&#8220; global_colors_info=&#8220;{}&#8220;]<\/p>\n<p><b>Tauchen Sie ein in die wunderbare Welt der edlen \u00f6sterreichischen Weine von kleinen Winzer:innen<\/b><\/p>\n<p>Bei der WeinWiesn dreht es sich alles um die Vielfalt der \u00f6sterreichischen Weinkultur. Ob Sie Weinliebhaber:in oder Sommelier\/Sommeli\u00e8re sind, Sie kommen auf ganz bestimmt Ihre Kosten. Im wundersch\u00f6nen Ambiente auf der Promenade vor dem Schlosshotel Velden wird geplauscht, philosophiert, gem\u00fctlich beieinandergesessen und feiner \u00f6sterreichischer Wein genossen.<\/p>\n<p>Treten Sie direkt mit den kleinen Winzer:innen in Kontakt und probieren Sie ihre edlen Tropfen! Das Weinfest bietet Ihnen die besondere Gelegenheit, interessante pers\u00f6nliche Informationen zu den Anbaumethoden, der Weinlese und Weinbereitung sowie die Geschichten der kleinen Winzer:innen zu bekommen.<\/p>\n<p>Wir freuen uns auf Ihren Besuch auf der WeinWiesn und w\u00fcnschen Ihnen an dieser Stelle schon viel Spa\u00df und geschmackvolle Genussmomente!<\/p>\n<p>[\/et_pb_text][\/et_pb_column][\/et_pb_row][\/et_pb_section][et_pb_section fb_built=&#8220;1&#8243; disabled_on=&#8220;off|off|off&#8220; admin_label=&#8220;Feature Section&#8220; _builder_version=&#8220;4.24.3&#8243; _module_preset=&#8220;default&#8220; background_color=&#8220;#f7f7f7&#8243; background_image=&#8220;https:\/\/dieweinwiesn.at\/wp-content\/uploads\/2023\/03\/weinre.png&#8220; background_position=&#8220;bottom_center&#8220; custom_padding=&#8220;40px|0px|0px|0px||&#8220; global_colors_info=&#8220;{}&#8220;][et_pb_row admin_label=&#8220;Title Area&#8220; _builder_version=&#8220;4.20.2&#8243; _module_preset=&#8220;default&#8220; custom_padding=&#8220;||21px|||&#8220; locked=&#8220;off&#8220; global_colors_info=&#8220;{}&#8220;][et_pb_column type=&#8220;4_4&#8243; _builder_version=&#8220;4.16&#8243; _module_preset=&#8220;default&#8220; custom_padding=&#8220;|||&#8220; global_colors_info=&#8220;{}&#8220; custom_padding__hover=&#8220;|||&#8220;][et_pb_text admin_label=&#8220;Subtitle&#8220; _builder_version=&#8220;4.27.4&#8243; _module_preset=&#8220;default&#8220; text_font=&#8220;||||||||&#8220; text_orientation=&#8220;center&#8220; max_width=&#8220;700px&#8220; module_alignment=&#8220;center&#8220; animation_direction=&#8220;top&#8220; global_colors_info=&#8220;{}&#8220;]<\/p>\n<p style=\"text-align: left;\">Neben den Weinen gibt es auch erlesene Schmankerln aus der regionalen K\u00fcche, die perfekt mit den verschiedenen Weinen harmonieren. F\u00fcr musikalische Unterhaltung ist ebenfalls gesorgt, sodass Sie das Weinfest in Velden in vollen Z\u00fcgen genie\u00dfen k\u00f6nnen.<\/p>\n<p style=\"text-align: left;\">Die WeinWiesn ist ein Ort der Begegnung und des Austauschs, wo Sie Gleichgesinnte treffen und sich \u00fcber Ihre Erfahrungen und Empfehlungen austauschen k\u00f6nnen.<\/p>\n<p>[\/et_pb_text][et_pb_divider color=&#8220;#2a2a2a&#8220; divider_weight=&#8220;3px&#8220; _builder_version=&#8220;4.16&#8243; _module_preset=&#8220;default&#8220; max_width=&#8220;50px&#8220; module_alignment=&#8220;center&#8220; custom_margin=&#8220;||10px|&#8220; animation_style=&#8220;slide&#8220; animation_direction=&#8220;top&#8220; animation_intensity_slide=&#8220;30%&#8220; animation_starting_opacity=&#8220;100%&#8220; global_colors_info=&#8220;{}&#8220;][\/et_pb_divider][\/et_pb_column][\/et_pb_row][\/et_pb_section][et_pb_section fb_built=&#8220;1&#8243; disabled_on=&#8220;on|on|on&#8220; admin_label=&#8220;Promo Banner&#8220; module_id=&#8220;information&#8220; _builder_version=&#8220;4.27.5&#8243; _module_preset=&#8220;default&#8220; background_color=&#8220;#6c0002&#8243; custom_padding=&#8220;0px|0px|0px|0px&#8220; disabled=&#8220;on&#8220; locked=&#8220;off&#8220; global_colors_info=&#8220;{}&#8220;][et_pb_row _builder_version=&#8220;4.16&#8243; _module_preset=&#8220;default&#8220; global_colors_info=&#8220;{}&#8220;][et_pb_column type=&#8220;4_4&#8243; _builder_version=&#8220;4.16&#8243; _module_preset=&#8220;default&#8220; custom_padding=&#8220;|||&#8220; global_colors_info=&#8220;{}&#8220; custom_padding__hover=&#8220;|||&#8220;][et_pb_text _builder_version=&#8220;4.20.4&#8243; _module_preset=&#8220;default&#8220; text_font=&#8220;||||||||&#8220; link_font=&#8220;|600|||on||||&#8220; link_text_color=&#8220;rgba(12,12,12,0.59)&#8220; header_font=&#8220;||||||||&#8220; header_2_font=&#8220;Branch|||on|||||&#8220; header_2_font_size=&#8220;30px&#8220; header_2_line_height=&#8220;1.5em&#8220; text_orientation=&#8220;center&#8220; background_layout=&#8220;dark&#8220; global_colors_info=&#8220;{}&#8220;]<\/p>\n<h2><strong>Weitere Informationen<\/strong><\/h2>\n<p>[\/et_pb_text][\/et_pb_column][\/et_pb_row][\/et_pb_section][et_pb_section fb_built=&#8220;1&#8243; disabled_on=&#8220;on|on|on&#8220; admin_label=&#8220;Feature Section&#8220; module_id=&#8220;bus&#8220; _builder_version=&#8220;4.27.5&#8243; _module_preset=&#8220;default&#8220; background_color=&#8220;#f7f7f7&#8243; background_image=&#8220;https:\/\/dieweinwiesn.at\/wp-content\/uploads\/2023\/03\/weinre.png&#8220; background_position=&#8220;bottom_right&#8220; custom_padding=&#8220;60px|0px|0px|0px||&#8220; disabled=&#8220;on&#8220; global_colors_info=&#8220;{}&#8220;][et_pb_row admin_label=&#8220;Title Area&#8220; _builder_version=&#8220;4.25.1&#8243; _module_preset=&#8220;default&#8220; custom_padding=&#8220;|||&#8220; locked=&#8220;off&#8220; global_colors_info=&#8220;{}&#8220;][et_pb_column type=&#8220;4_4&#8243; _builder_version=&#8220;4.16&#8243; _module_preset=&#8220;default&#8220; custom_padding=&#8220;|||&#8220; global_colors_info=&#8220;{}&#8220; custom_padding__hover=&#8220;|||&#8220;][et_pb_text admin_label=&#8220;Title&#8220; module_id=&#8220;shuttle&#8220; _builder_version=&#8220;4.25.2&#8243; _module_preset=&#8220;default&#8220; text_font=&#8220;||||||||&#8220; header_font=&#8220;||||||||&#8220; header_2_font=&#8220;||||||||&#8220; header_2_text_align=&#8220;center&#8220; header_2_line_height=&#8220;1.5em&#8220; header_3_font=&#8220;Branch|||on|||||&#8220; header_3_text_color=&#8220;#6c0002&#8243; header_3_font_size=&#8220;18px&#8220; header_3_line_height=&#8220;1.5em&#8220; custom_margin=&#8220;||20px|&#8220; animation_direction=&#8220;top&#8220; global_colors_info=&#8220;{}&#8220;]<\/p>\n<h3 style=\"text-align: left;\"><strong>\u00a0SERVICE<\/strong> &#8211; <strong>F<\/strong>\u00dc<strong>R VERANTWORTUNGSBEWUSSTES TRINKEN<\/strong><\/h3>\n<p>[\/et_pb_text][et_pb_text admin_label=&#8220;Subtitle&#8220; _builder_version=&#8220;4.25.2&#8243; _module_preset=&#8220;default&#8220; text_font=&#8220;||||||||&#8220; text_orientation=&#8220;center&#8220; max_width=&#8220;700px&#8220; module_alignment=&#8220;center&#8220; animation_direction=&#8220;top&#8220; global_colors_info=&#8220;{}&#8220;]<\/p>\n<p style=\"text-align: left;\"><span>Unser Shuttle bringt sie <strong>ab 15:45 Uhr<\/strong> <strong>im\u00a0<\/strong><\/span><span style=\"font-size: 16px;\"><strong>Stundentakt<\/strong> zum Veranstaltungsgel\u00e4nde und zur\u00fcck. Letzte Fahrt ab Moosburg <strong>22:30 Uhr<\/strong><\/span><\/p>\n<p style=\"text-align: left;\"><span style=\"font-size: 16px;\">Shuttle Bus von Klagenfurt und P\u00f6rtschach mit Stationen entlang des Weges nach Moosburg <\/span><span style=\"font-size: 16px;\"><strong>(pro Fahrt \u20ac3). Ihr k\u00f6nnt nat\u00fcrlich auch mit dem Zug nach P\u00f6rtschach fahren und dort in den Bus einsteigen.\u00a0<\/p>\n<p><\/strong><\/span><\/p>\n<p style=\"text-align: left;\">Heiligergeistplatz Station 7 und 8<span style=\"font-size: 16px;\"><strong><\/strong><\/span><\/p>\n<p style=\"text-align: left;\"><span style=\"font-size: 16px;\"><strong><\/strong><\/span><\/p>\n<p style=\"text-align: left;\">\n<p>[\/et_pb_text][\/et_pb_column][\/et_pb_row][et_pb_row column_structure=&#8220;1_2,1_2&#8243; _builder_version=&#8220;4.25.2&#8243; _module_preset=&#8220;default&#8220; global_colors_info=&#8220;{}&#8220;][et_pb_column type=&#8220;1_2&#8243; _builder_version=&#8220;4.25.2&#8243; _module_preset=&#8220;default&#8220; global_colors_info=&#8220;{}&#8220;][et_pb_image src=&#8220;https:\/\/dieweinwiesn.at\/wp-content\/uploads\/2024\/06\/Bus-Klagenfurt.jpg&#8220; title_text=&#8220;Bus-Klagenfurt&#8220; _builder_version=&#8220;4.25.2&#8243; _module_preset=&#8220;default&#8220; global_colors_info=&#8220;{}&#8220;][\/et_pb_image][et_pb_text _builder_version=&#8220;4.25.2&#8243; _module_preset=&#8220;default&#8220; global_colors_info=&#8220;{}&#8220;]<\/p>\n<p style=\"text-align: left;\"><strong>Klagenfurt: <\/strong><\/p>\n<p style=\"text-align: left;\">Heiligergeistplatz -&gt; Minimundus -&gt; Krumpendorf gegen\u00fcber vom Weinkeller &#8211; &gt; Schlosswiese Moosburg -&gt; Moosburg Volksschule<\/p>\n<p>[\/et_pb_text][\/et_pb_column][et_pb_column type=&#8220;1_2&#8243; _builder_version=&#8220;4.25.2&#8243; _module_preset=&#8220;default&#8220; global_colors_info=&#8220;{}&#8220;][et_pb_image src=&#8220;https:\/\/dieweinwiesn.at\/wp-content\/uploads\/2024\/06\/Bus2.jpg&#8220; title_text=&#8220;Bus2&#8243; _builder_version=&#8220;4.25.2&#8243; _module_preset=&#8220;default&#8220; global_colors_info=&#8220;{}&#8220;][\/et_pb_image][et_pb_text _builder_version=&#8220;4.25.2&#8243; _module_preset=&#8220;default&#8220; global_colors_info=&#8220;{}&#8220;]<\/p>\n<p style=\"text-align: left;\"><strong>P\u00f6rtschach:<\/strong><\/p>\n<p style=\"text-align: left;\">P\u00f6rtschach Bahnhof -&gt;P\u00f6rtschach Macs -&gt; Moosburg Schlosswiese -&gt; Krumpendorf Volksschule -&gt; P\u00f6rtschach Bahnhof<\/p>\n<p>[\/et_pb_text][\/et_pb_column][\/et_pb_row][et_pb_row _builder_version=&#8220;4.25.2&#8243; _module_preset=&#8220;default&#8220; global_colors_info=&#8220;{}&#8220;][et_pb_column type=&#8220;4_4&#8243; _builder_version=&#8220;4.25.2&#8243; _module_preset=&#8220;default&#8220; global_colors_info=&#8220;{}&#8220;][et_pb_text admin_label=&#8220;Title&#8220; module_id=&#8220;kulinarik&#8220; _builder_version=&#8220;4.20.4&#8243; _module_preset=&#8220;default&#8220; text_font=&#8220;||||||||&#8220; header_font=&#8220;||||||||&#8220; header_2_font=&#8220;Allrounder||||||||&#8220; header_2_text_align=&#8220;center&#8220; header_2_line_height=&#8220;1.5em&#8220; header_3_font=&#8220;Branch|||on|||||&#8220; header_3_text_color=&#8220;#6c0002&#8243; header_3_font_size=&#8220;18px&#8220; header_3_line_height=&#8220;1.5em&#8220; custom_margin=&#8220;||20px|&#8220; animation_direction=&#8220;top&#8220; global_colors_info=&#8220;{}&#8220;]<\/p>\n<h3 style=\"text-align: left;\"><strong>Kulinarik auf der Weinwiesn<\/strong><\/h3>\n<p>[\/et_pb_text][et_pb_text admin_label=&#8220;Subtitle&#8220; module_id=&#8220;shuttle&#8220; _builder_version=&#8220;4.25.2&#8243; _module_preset=&#8220;default&#8220; text_font=&#8220;||||||||&#8220; text_orientation=&#8220;center&#8220; max_width=&#8220;700px&#8220; module_alignment=&#8220;center&#8220; animation_direction=&#8220;top&#8220; global_colors_info=&#8220;{}&#8220;]<\/p>\n<p style=\"text-align: left;\"><span><a href=\"https:\/\/www.schneckenausbestemhaus.at\"><strong>SALANDA<\/strong><\/a>\u00a0Schnecken aus dem besten Haus<\/span><span style=\"font-size: 16px;\"><\/span><\/p>\n<p style=\"text-align: left;\"><span><a href=\"https:\/\/www.instagram.com\/das_wandernde_restaurant\/\"><strong>Das wanderne Restaurant<\/strong><\/a>\u00a0Saisonal Regional ohne Abfall<\/span><\/p>\n<p style=\"text-align: left;\"><strong><a href=\"https:\/\/www.instagram.com\/zuagrast\/\">Zuagrast\u00a0<\/a><\/strong>#essen <a class=\"x1i10hfl xjbqb8w x6umtig x1b1mbwd xaqea5y xav7gou x9f619 x1ypdohk xt0psk2 xe8uvvx xdj266r x11i5rnm xat24cr x1mh8g0r xexx8yu x4uap5 x18d9i69 xkhd6sd x16tdsg8 x1hl2dhg xggy1nq x1a2a7pz  _aa9_ _a6hd\" href=\"https:\/\/www.instagram.com\/explore\/tags\/trinken\/\" role=\"link\" tabindex=\"0\">#trinken <\/a><a class=\"x1i10hfl xjbqb8w x6umtig x1b1mbwd xaqea5y xav7gou x9f619 x1ypdohk xt0psk2 xe8uvvx xdj266r x11i5rnm xat24cr x1mh8g0r xexx8yu x4uap5 x18d9i69 xkhd6sd x16tdsg8 x1hl2dhg xggy1nq x1a2a7pz  _aa9_ _a6hd\" href=\"https:\/\/www.instagram.com\/explore\/tags\/benediktinermarkt\/\" role=\"link\" tabindex=\"0\">#benediktinermarkt<\/a><\/p>\n<p style=\"text-align: left;\"><span><\/span><\/p>\n<p>[\/et_pb_text][\/et_pb_column][\/et_pb_row][\/et_pb_section][et_pb_section fb_built=&#8220;1&#8243; disabled_on=&#8220;on|on|on&#8220; module_id=&#8220;verkauf&#8220; _builder_version=&#8220;4.27.5&#8243; _module_preset=&#8220;default&#8220; disabled=&#8220;on&#8220; global_colors_info=&#8220;{}&#8220;][et_pb_row _builder_version=&#8220;4.25.1&#8243; _module_preset=&#8220;default&#8220; global_colors_info=&#8220;{}&#8220;][et_pb_column type=&#8220;4_4&#8243; _builder_version=&#8220;4.25.1&#8243; _module_preset=&#8220;default&#8220; global_colors_info=&#8220;{}&#8220;][et_pb_text admin_label=&#8220;Title&#8220; module_id=&#8220;shuttle&#8220; _builder_version=&#8220;4.25.1&#8243; _module_preset=&#8220;default&#8220; text_font=&#8220;||||||||&#8220; header_font=&#8220;||||||||&#8220; header_2_font=&#8220;||||||||&#8220; header_2_text_align=&#8220;center&#8220; header_2_line_height=&#8220;1.5em&#8220; header_3_font=&#8220;Branch|||on|||||&#8220; header_3_text_color=&#8220;#6c0002&#8243; header_3_font_size=&#8220;18px&#8220; header_3_line_height=&#8220;1.5em&#8220; custom_margin=&#8220;||20px|&#8220; animation_direction=&#8220;top&#8220; global_colors_info=&#8220;{}&#8220;]<\/p>\n<h3 style=\"text-align: left;\">Ticket Verkaufsstellen:<\/h3>\n<p>[\/et_pb_text][et_pb_text admin_label=&#8220;Subtitle&#8220; module_id=&#8220;shuttle&#8220; _builder_version=&#8220;4.27.4&#8243; _module_preset=&#8220;default&#8220; text_font=&#8220;||||||||&#8220; text_orientation=&#8220;center&#8220; max_width=&#8220;700px&#8220; module_alignment=&#8220;center&#8220; animation_direction=&#8220;top&#8220; global_colors_info=&#8220;{}&#8220;]<\/p>\n<p style=\"text-align: left;\"><strong>Der Weinkeller &#8211; Hauptstrasse 173, 9201 Krumpendorf<\/strong><\/p>\n<p style=\"text-align: left;\"><strong>Zuagrast &#8211; Benediktiner Platz<\/strong><\/p>\n<p style=\"text-align: left;\"><strong>Der Marktwirt &#8211; Benediktiner Platz<\/strong><\/p>\n<p style=\"text-align: left;\"><strong>Lakes &#8211;\u00a0<\/strong><strong><a href=\"https:\/\/www.google.com\/maps\/place\/\/data=!4m2!3m1!1s0x4770775c0813e11f:0x7a8c4d04c4622ebf?sa=X&amp;ved=1t:8290&amp;ictx=111\" data-url=\"\/maps\/place\/\/data=!4m2!3m1!1s0x4770775c0813e11f:0x7a8c4d04c4622ebf?sa=X&amp;ved=2ahUKEwiqqLvpu4CGAxWQYPEDHdffDhUQ4kB6BAg-EAA\" data-sb=\"\/url?sa=t&amp;source=web&amp;rct=j&amp;opi=89978449&amp;url=\/maps\/place\/\/data%3D!4m2!3m1!1s0x4770775c0813e11f:0x7a8c4d04c4622ebf%3Fsa%3DX%26ved%3D1t:8290%26ictx%3D111&amp;ved=2ahUKEwiqqLvpu4CGAxWQYPEDHdffDhUQ4kB6BAhTEAM&amp;usg=AOvVaw2Cgb5-Nmc_vWBm0V86EZKy\" tabindex=\"0\">Augustenstra\u00dfe 24, 9210 P\u00f6rtschach am W\u00f6rthersee<\/a><\/strong><\/p>\n<p style=\"text-align: left;\"><strong>Mec&#8217;s Caf\u00e9 Bar &#8211; <a href=\"https:\/\/www.google.com\/maps\/place\/\/data=!4m2!3m1!1s0x47707759ac987e47:0xea3634c10745c6bd?sa=X&amp;ved=1t:8290&amp;ictx=111\" data-url=\"\/maps\/place\/\/data=!4m2!3m1!1s0x47707759ac987e47:0xea3634c10745c6bd?sa=X&amp;ved=2ahUKEwix3qD0u4CGAxV5A9sEHdW7DbsQ4kB6BAgPEAA\" data-sb=\"\/url?sa=t&amp;source=web&amp;rct=j&amp;opi=89978449&amp;url=\/maps\/place\/\/data%3D!4m2!3m1!1s0x47707759ac987e47:0xea3634c10745c6bd%3Fsa%3DX%26ved%3D1t:8290%26ictx%3D111&amp;ved=2ahUKEwix3qD0u4CGAxV5A9sEHdW7DbsQ4kB6BAhXEAM&amp;usg=AOvVaw3wbLtniVx3g2lwgbvkjzwo\" tabindex=\"0\">Hauptstra\u00dfe 204, 9210 P\u00f6rtschach am W\u00f6rthersee<\/a><\/strong><span><\/span><\/p>\n<p style=\"text-align: left;\"><span><\/span><\/p>\n<p>[\/et_pb_text][\/et_pb_column][\/et_pb_row][\/et_pb_section][et_pb_section fb_built=&#8220;1&#8243; admin_label=&#8220;Promo Banner&#8220; _builder_version=&#8220;4.20.4&#8243; _module_preset=&#8220;default&#8220; background_color=&#8220;#6c0002&#8243; custom_padding=&#8220;0px|0px|0px|0px&#8220; locked=&#8220;off&#8220; global_colors_info=&#8220;{}&#8220;][et_pb_row _builder_version=&#8220;4.16&#8243; _module_preset=&#8220;default&#8220; global_colors_info=&#8220;{}&#8220;][et_pb_column type=&#8220;4_4&#8243; _builder_version=&#8220;4.16&#8243; _module_preset=&#8220;default&#8220; custom_padding=&#8220;|||&#8220; global_colors_info=&#8220;{}&#8220; custom_padding__hover=&#8220;|||&#8220;][et_pb_text _builder_version=&#8220;4.20.4&#8243; _module_preset=&#8220;default&#8220; text_font=&#8220;||||||||&#8220; link_font=&#8220;|600|||on||||&#8220; link_text_color=&#8220;rgba(12,12,12,0.59)&#8220; header_font=&#8220;||||||||&#8220; header_2_font=&#8220;Branch||||||||&#8220; header_2_font_size=&#8220;30px&#8220; header_2_line_height=&#8220;1.5em&#8220; text_orientation=&#8220;center&#8220; background_layout=&#8220;dark&#8220; global_colors_info=&#8220;{}&#8220;]<\/p>\n<h2><strong>KLEINE WINZER, GROSSER GESCHMACK!<\/strong><\/h2>\n<p>[\/et_pb_text][\/et_pb_column][\/et_pb_row][\/et_pb_section][et_pb_section fb_built=&#8220;1&#8243; admin_label=&#8220;Footer Section&#8220; module_id=&#8220;kontakt&#8220; _builder_version=&#8220;4.20.4&#8243; _module_preset=&#8220;default&#8220; background_image=&#8220;https:\/\/dieweinwiesn.at\/wp-content\/uploads\/2023\/03\/Wein.png&#8220; background_position=&#8220;top_left&#8220; custom_padding=&#8220;80px||110px|||&#8220; global_colors_info=&#8220;{}&#8220;][et_pb_row column_structure=&#8220;2_5,3_5&#8243; admin_label=&#8220;Footer Area&#8220; _builder_version=&#8220;4.16&#8243; _module_preset=&#8220;default&#8220; global_colors_info=&#8220;{}&#8220;][et_pb_column type=&#8220;2_5&#8243; _builder_version=&#8220;4.16&#8243; _module_preset=&#8220;default&#8220; custom_padding=&#8220;|||&#8220; global_colors_info=&#8220;{}&#8220; custom_padding__hover=&#8220;|||&#8220;][et_pb_blurb title=&#8220;Adresse&#8220; admin_label=&#8220;Address&#8220; _builder_version=&#8220;4.27.4&#8243; _module_preset=&#8220;default&#8220; header_font=&#8220;|600|||||||&#8220; header_font_size=&#8220;16px&#8220; header_line_height=&#8220;1.8em&#8220; body_font=&#8220;||||||||&#8220; animation_style=&#8220;fold&#8220; animation_direction=&#8220;left&#8220; animation_intensity_fold=&#8220;20%&#8220; animation_starting_opacity=&#8220;100%&#8220; global_colors_info=&#8220;{}&#8220;]<\/p>\n<p><span>Seecorso Velden, Secorso 11,<\/span><\/p>\n<p><span>9220 Velden<\/span><\/p>\n<p>Tele: <a href=\"tel:+436642334597\">+43 664 233 45 97<\/a><\/p>\n<p>Mail: <a href=\"mailto:info@weinwiesn.at\">info@weinwiesn.at<\/a><\/p>\n<p>[\/et_pb_blurb][\/et_pb_column][et_pb_column type=&#8220;3_5&#8243; _builder_version=&#8220;4.16&#8243; _module_preset=&#8220;default&#8220; custom_padding=&#8220;|||&#8220; global_colors_info=&#8220;{}&#8220; custom_padding__hover=&#8220;|||&#8220;][et_pb_blurb title=&#8220;\u00d6ffnungszeiten&#8220; admin_label=&#8220;Address&#8220; _builder_version=&#8220;4.27.4&#8243; _module_preset=&#8220;default&#8220; header_font=&#8220;|600|||||||&#8220; header_font_size=&#8220;16px&#8220; header_line_height=&#8220;1.8em&#8220; body_font=&#8220;||||||||&#8220; animation_style=&#8220;fold&#8220; animation_direction=&#8220;left&#8220; animation_intensity_fold=&#8220;20%&#8220; animation_starting_opacity=&#8220;100%&#8220; global_colors_info=&#8220;{}&#8220;]<\/p>\n<p>04. &#8211; 06. Juni 2026<\/p>\n<p><b>Verkostung:<\/b><\/p>\n<p>Donnerstag: 14.00 &#8211; 21.30 Uhr<\/p>\n<p>Fr &#8211; Sa: 17.00 &#8211; 21.30 Uhr<\/p>\n<p>&nbsp;<\/p>\n<p>[\/et_pb_blurb][\/et_pb_column][\/et_pb_row][et_pb_row _builder_version=&#8220;4.20.2&#8243; _module_preset=&#8220;default&#8220; global_colors_info=&#8220;{}&#8220;][et_pb_column type=&#8220;4_4&#8243; _builder_version=&#8220;4.20.2&#8243; _module_preset=&#8220;default&#8220; global_colors_info=&#8220;{}&#8220;][et_pb_button button_text=&#8220;Tickets sichern&#8220; _builder_version=&#8220;4.27.6&#8243; _module_preset=&#8220;default&#8220; button_url=&#8220;https:\/\/www.eventim-light.com\/at\/a\/63ef97ffcae5547e644102f9&#8243; custom_button=&#8220;on&#8220; button_text_color=&#8220;#FFFFFF&#8220; button_bg_color=&#8220;#6c0002&#8243; button_bg_enable_color=&#8220;on&#8220; button_icon=&#8220;&#xf5ce;||fa||900&#8243; hover_enabled=&#8220;0&#8243; sticky_enabled=&#8220;0&#8243;][\/et_pb_button][et_pb_code _builder_version=&#8220;4.27.4&#8243; _module_preset=&#8220;default&#8220; global_colors_info=&#8220;{}&#8220;]<iframe src=\"https:\/\/www.google.com\/maps\/embed?pb=!1m18!1m12!1m3!1d5481.497581580569!2d14.041499676833196!3d46.611967256129894!2m3!1f0!2f0!3f0!3m2!1i1024!2i768!4f13.1!3m3!1m2!1s0x477078c2a63b0ff1%3A0x1772421195dae3f8!2sSeecorso%2011%2C%209220%20Velden%20am%20W%C3%B6rthersee!5e0!3m2!1sde!2sat!4v1744199806316!5m2!1sde!2sat\" width=\"100%\" height=\"100%\" style=\"border:0;\" allowfullscreen=\"\" loading=\"lazy\" referrerpolicy=\"no-referrer-when-downgrade\"><\/iframe>[\/et_pb_code][\/et_pb_column][\/et_pb_row][\/et_pb_section]<\/p>\n","protected":false},"excerpt":{"rendered":"<p>Die WeinWiesn vom 04. bis 06. Juni 2026 in Velden am W\u00f6rtherseeWillkommen zur WeinWiesn 2025 in Velden am W\u00f6rthersee!Das gr\u00f6\u00dfte Weinevent K\u00e4rntens \u2013 vom 4. bis 6. Juni 2026 Direkt an der malerischen Promenade vor dem Schlosshotel Velden laden rund 25 Winzer aus ganz \u00d6sterreich dazu ein, bis zu 250 erlesene Weine zu verkosten. Von [&hellip;]<\/p>\n","protected":false},"author":1,"featured_media":267,"parent":0,"menu_order":0,"comment_status":"closed","ping_status":"closed","template":"","meta":{"_et_pb_use_builder":"on","_et_pb_old_content":"<!-- wp:divi\/placeholder \/-->","_et_gb_content_width":"","footnotes":""},"class_list":["post-17","page","type-page","status-publish","has-post-thumbnail","hentry"],"yoast_head":"<!-- This site is optimized with the Yoast SEO plugin v27.4 - https:\/\/yoast.com\/product\/yoast-seo-wordpress\/ -->\n<title>Startseite - Die Weinwiesn<\/title>\n<meta name=\"description\" content=\"Ein herzliches Willkommen zum einzigartigen Weinfest mit kleinen Winzer:innen in Velden am W\u00f6rthersee \u2013 dem Treffpunkt f\u00fcr alle Weinliebhaber:innen! \ud83c\udf77\" \/>\n<meta name=\"robots\" content=\"index, follow, max-snippet:-1, max-image-preview:large, max-video-preview:-1\" \/>\n<link rel=\"canonical\" href=\"https:\/\/dieweinwiesn.at\/\" \/>\n<meta property=\"og:locale\" content=\"de_DE\" \/>\n<meta property=\"og:type\" content=\"article\" \/>\n<meta property=\"og:title\" content=\"Startseite - Die Weinwiesn\" \/>\n<meta property=\"og:description\" content=\"Ein herzliches Willkommen zum einzigartigen Weinfest mit kleinen Winzer:innen in Velden am W\u00f6rthersee \u2013 dem Treffpunkt f\u00fcr alle Weinliebhaber:innen! \ud83c\udf77\" \/>\n<meta property=\"og:url\" content=\"https:\/\/dieweinwiesn.at\/\" \/>\n<meta property=\"og:site_name\" content=\"Die Weinwiesn\" \/>\n<meta property=\"article:modified_time\" content=\"2026-03-31T10:57:41+00:00\" \/>\n<meta property=\"og:image\" content=\"https:\/\/dieweinwiesn.at\/wp-content\/uploads\/2023\/04\/Betragsbild.jpg\" \/>\n\t<meta property=\"og:image:width\" content=\"1920\" \/>\n\t<meta property=\"og:image:height\" content=\"814\" \/>\n\t<meta property=\"og:image:type\" content=\"image\/jpeg\" \/>\n<meta name=\"twitter:card\" content=\"summary_large_image\" \/>\n<meta name=\"twitter:label1\" content=\"Gesch\u00e4tzte Lesezeit\" \/>\n\t<meta name=\"twitter:data1\" content=\"4\u00a0Minuten\" \/>\n<script type=\"application\/ld+json\" class=\"yoast-schema-graph\">{\"@context\":\"https:\\\/\\\/schema.org\",\"@graph\":[{\"@type\":\"WebPage\",\"@id\":\"https:\\\/\\\/dieweinwiesn.at\\\/\",\"url\":\"https:\\\/\\\/dieweinwiesn.at\\\/\",\"name\":\"Startseite - Die Weinwiesn\",\"isPartOf\":{\"@id\":\"https:\\\/\\\/dieweinwiesn.at\\\/#website\"},\"primaryImageOfPage\":{\"@id\":\"https:\\\/\\\/dieweinwiesn.at\\\/#primaryimage\"},\"image\":{\"@id\":\"https:\\\/\\\/dieweinwiesn.at\\\/#primaryimage\"},\"thumbnailUrl\":\"https:\\\/\\\/dieweinwiesn.at\\\/wp-content\\\/uploads\\\/2023\\\/04\\\/Betragsbild.jpg\",\"datePublished\":\"2023-03-15T16:20:31+00:00\",\"dateModified\":\"2026-03-31T10:57:41+00:00\",\"description\":\"Ein herzliches Willkommen zum einzigartigen Weinfest mit kleinen Winzer:innen in Velden am W\u00f6rthersee \u2013 dem Treffpunkt f\u00fcr alle Weinliebhaber:innen! \ud83c\udf77\",\"breadcrumb\":{\"@id\":\"https:\\\/\\\/dieweinwiesn.at\\\/#breadcrumb\"},\"inLanguage\":\"de\",\"potentialAction\":[{\"@type\":\"ReadAction\",\"target\":[\"https:\\\/\\\/dieweinwiesn.at\\\/\"]}]},{\"@type\":\"ImageObject\",\"inLanguage\":\"de\",\"@id\":\"https:\\\/\\\/dieweinwiesn.at\\\/#primaryimage\",\"url\":\"https:\\\/\\\/dieweinwiesn.at\\\/wp-content\\\/uploads\\\/2023\\\/04\\\/Betragsbild.jpg\",\"contentUrl\":\"https:\\\/\\\/dieweinwiesn.at\\\/wp-content\\\/uploads\\\/2023\\\/04\\\/Betragsbild.jpg\",\"width\":1920,\"height\":814,\"caption\":\"Hier kommen nicht nur Weinliebhaber:innen, sondern auch Sommeliers\\\/Sommeli\u00e8res und Expert:innen auf ihre Kosten.\"},{\"@type\":\"BreadcrumbList\",\"@id\":\"https:\\\/\\\/dieweinwiesn.at\\\/#breadcrumb\",\"itemListElement\":[{\"@type\":\"ListItem\",\"position\":1,\"name\":\"Startseite\",\"item\":\"https:\\\/\\\/dieweinwiesn.at\\\/\"},{\"@type\":\"ListItem\",\"position\":2,\"name\":\"Weinfest\"}]},{\"@type\":\"WebSite\",\"@id\":\"https:\\\/\\\/dieweinwiesn.at\\\/#website\",\"url\":\"https:\\\/\\\/dieweinwiesn.at\\\/\",\"name\":\"Die Weinwiesn\",\"description\":\"Der gr\u00f6\u00dfte Weinfr\u00fchling K\u00e4rntens\",\"potentialAction\":[{\"@type\":\"SearchAction\",\"target\":{\"@type\":\"EntryPoint\",\"urlTemplate\":\"https:\\\/\\\/dieweinwiesn.at\\\/?s={search_term_string}\"},\"query-input\":{\"@type\":\"PropertyValueSpecification\",\"valueRequired\":true,\"valueName\":\"search_term_string\"}}],\"inLanguage\":\"de\"}]}<\/script>\n<!-- \/ Yoast SEO plugin. -->","yoast_head_json":{"title":"Startseite - Die Weinwiesn","description":"Ein herzliches Willkommen zum einzigartigen Weinfest mit kleinen Winzer:innen in Velden am W\u00f6rthersee \u2013 dem Treffpunkt f\u00fcr alle Weinliebhaber:innen! \ud83c\udf77","robots":{"index":"index","follow":"follow","max-snippet":"max-snippet:-1","max-image-preview":"max-image-preview:large","max-video-preview":"max-video-preview:-1"},"canonical":"https:\/\/dieweinwiesn.at\/","og_locale":"de_DE","og_type":"article","og_title":"Startseite - Die Weinwiesn","og_description":"Ein herzliches Willkommen zum einzigartigen Weinfest mit kleinen Winzer:innen in Velden am W\u00f6rthersee \u2013 dem Treffpunkt f\u00fcr alle Weinliebhaber:innen! \ud83c\udf77","og_url":"https:\/\/dieweinwiesn.at\/","og_site_name":"Die Weinwiesn","article_modified_time":"2026-03-31T10:57:41+00:00","og_image":[{"width":1920,"height":814,"url":"https:\/\/dieweinwiesn.at\/wp-content\/uploads\/2023\/04\/Betragsbild.jpg","type":"image\/jpeg"}],"twitter_card":"summary_large_image","twitter_misc":{"Gesch\u00e4tzte Lesezeit":"4\u00a0Minuten"},"schema":{"@context":"https:\/\/schema.org","@graph":[{"@type":"WebPage","@id":"https:\/\/dieweinwiesn.at\/","url":"https:\/\/dieweinwiesn.at\/","name":"Startseite - Die Weinwiesn","isPartOf":{"@id":"https:\/\/dieweinwiesn.at\/#website"},"primaryImageOfPage":{"@id":"https:\/\/dieweinwiesn.at\/#primaryimage"},"image":{"@id":"https:\/\/dieweinwiesn.at\/#primaryimage"},"thumbnailUrl":"https:\/\/dieweinwiesn.at\/wp-content\/uploads\/2023\/04\/Betragsbild.jpg","datePublished":"2023-03-15T16:20:31+00:00","dateModified":"2026-03-31T10:57:41+00:00","description":"Ein herzliches Willkommen zum einzigartigen Weinfest mit kleinen Winzer:innen in Velden am W\u00f6rthersee \u2013 dem Treffpunkt f\u00fcr alle Weinliebhaber:innen! \ud83c\udf77","breadcrumb":{"@id":"https:\/\/dieweinwiesn.at\/#breadcrumb"},"inLanguage":"de","potentialAction":[{"@type":"ReadAction","target":["https:\/\/dieweinwiesn.at\/"]}]},{"@type":"ImageObject","inLanguage":"de","@id":"https:\/\/dieweinwiesn.at\/#primaryimage","url":"https:\/\/dieweinwiesn.at\/wp-content\/uploads\/2023\/04\/Betragsbild.jpg","contentUrl":"https:\/\/dieweinwiesn.at\/wp-content\/uploads\/2023\/04\/Betragsbild.jpg","width":1920,"height":814,"caption":"Hier kommen nicht nur Weinliebhaber:innen, sondern auch Sommeliers\/Sommeli\u00e8res und Expert:innen auf ihre Kosten."},{"@type":"BreadcrumbList","@id":"https:\/\/dieweinwiesn.at\/#breadcrumb","itemListElement":[{"@type":"ListItem","position":1,"name":"Startseite","item":"https:\/\/dieweinwiesn.at\/"},{"@type":"ListItem","position":2,"name":"Weinfest"}]},{"@type":"WebSite","@id":"https:\/\/dieweinwiesn.at\/#website","url":"https:\/\/dieweinwiesn.at\/","name":"Die Weinwiesn","description":"Der gr\u00f6\u00dfte Weinfr\u00fchling K\u00e4rntens","potentialAction":[{"@type":"SearchAction","target":{"@type":"EntryPoint","urlTemplate":"https:\/\/dieweinwiesn.at\/?s={search_term_string}"},"query-input":{"@type":"PropertyValueSpecification","valueRequired":true,"valueName":"search_term_string"}}],"inLanguage":"de"}]}},"_links":{"self":[{"href":"https:\/\/dieweinwiesn.at\/index.php\/wp-json\/wp\/v2\/pages\/17","targetHints":{"allow":["GET"]}}],"collection":[{"href":"https:\/\/dieweinwiesn.at\/index.php\/wp-json\/wp\/v2\/pages"}],"about":[{"href":"https:\/\/dieweinwiesn.at\/index.php\/wp-json\/wp\/v2\/types\/page"}],"author":[{"embeddable":true,"href":"https:\/\/dieweinwiesn.at\/index.php\/wp-json\/wp\/v2\/users\/1"}],"replies":[{"embeddable":true,"href":"https:\/\/dieweinwiesn.at\/index.php\/wp-json\/wp\/v2\/comments?post=17"}],"version-history":[{"count":191,"href":"https:\/\/dieweinwiesn.at\/index.php\/wp-json\/wp\/v2\/pages\/17\/revisions"}],"predecessor-version":[{"id":728,"href":"https:\/\/dieweinwiesn.at\/index.php\/wp-json\/wp\/v2\/pages\/17\/revisions\/728"}],"wp:featuredmedia":[{"embeddable":true,"href":"https:\/\/dieweinwiesn.at\/index.php\/wp-json\/wp\/v2\/media\/267"}],"wp:attachment":[{"href":"https:\/\/dieweinwiesn.at\/index.php\/wp-json\/wp\/v2\/media?parent=17"}],"curies":[{"name":"wp","href":"https:\/\/api.w.org\/{rel}","templated":true}]}}